{"id":105,"date":"2014-11-19T10:06:19","date_gmt":"2014-11-19T10:06:19","guid":{"rendered":"http:\/\/bendruomeniskumas.mruni.eu\/?page_id=105"},"modified":"2016-03-07T17:20:54","modified_gmt":"2016-03-07T17:20:54","slug":"bendruomeniskos-politikos-formavimas","status":"publish","type":"page","link":"https:\/\/bendruomeniskumas.mruni.eu\/?page_id=105","title":{"rendered":"Bendruomeni\u0161kos politikos formavimas"},"content":{"rendered":"<article><\/article>\n<h1>Saulius Nefas: Vietos bendruomeni\u0173 metai: ar pasieksime nauj\u0105 kokyb\u0119?<\/h1>\n<article>\n<p style=\"text-align: justify;\">2016 m. LR Seimas paskelb\u0117 vietos bendruomeni\u0173 metais. Remdamasi \u0161iuo Seimo nutarimu LR Vyriausyb\u0117 pri\u0117m\u0117 nutarim\u0105 d\u0117l vietos bendruomeni\u0173 met\u0173 plano patvirtinimo.<\/p>\n<\/article>\n<article><a href=\"http:\/\/bendruomeniskumas.mruni.eu\/wp-content\/uploads\/2014\/11\/protesto-akcija-64266098.jpg\"><img loading=\"lazy\" decoding=\"async\" class=\"alignnone wp-image-516 size-medium\" src=\"http:\/\/bendruomeniskumas.mruni.eu\/wp-content\/uploads\/2014\/11\/protesto-akcija-64266098-300x199.jpg\" alt=\"protesto-akcija-64266098\" width=\"300\" height=\"199\" srcset=\"https:\/\/bendruomeniskumas.mruni.eu\/wp-content\/uploads\/2014\/11\/protesto-akcija-64266098-300x199.jpg 300w, https:\/\/bendruomeniskumas.mruni.eu\/wp-content\/uploads\/2014\/11\/protesto-akcija-64266098.jpg 520w\" sizes=\"auto, (max-width: 300px) 100vw, 300px\" \/><\/a><\/article>\n<article><\/article>\n<article><\/article>\n<article>\n<p style=\"text-align: justify;\">Yra ir pats planas, kuriame numatytos 24 priemon\u0117s, kurios, kaip sakoma tame pa\u010diame nutarime, \u012fgyvendinamos i\u0161 Lietuvos Respublikos valstyb\u0117s biud\u017eete atitinkamoms ministerijoms, institucijoms, \u012fstaigoms, atsakingoms u\u017e Plano \u012fgyvendinim\u0105, patvirtint\u0173 bendr\u0173j\u0173 asignavim\u0173 ir kit\u0173 teis\u0117tai gaut\u0173 l\u0117\u0161\u0173, o savivaldyb\u0117s kvie\u010diamos dalyvauti \u012fgyvendinant plan\u0105 ir skirti savivaldybi\u0173 biud\u017eet\u0173 l\u0117\u0161\u0173 jam \u012fgyvendinti.<\/p>\n<p style=\"text-align: justify;\">Kadangi tokio d\u0117mesio (dviej\u0173 i\u0161 trij\u0173 auk\u0161\u010diausi\u0173 m\u016bs\u0173 valstyb\u0117s valdymo institucij\u0173) vietos bendruomen\u0117ms dar niekada nebuvo, reikia pripa\u017einti, kad tai yra \u0161io Seimo ir \u0161ios vyriausyb\u0117s pozityvios politikos veiksmas. Ir tik tiek, nes panagrin\u0117jus plane numatytas priemones, kyla daug klausim\u0173: jei tikrai norime parodyti vietos bendruomeni\u0173 reik\u0161m\u0119 ir svarb\u0105 m\u016bs\u0173 valstyb\u0117s gyvenime ir taip pad\u0117koti vietos bendruomeni\u0173 \u017emon\u0117ms u\u017e daugiau nei de\u0161imt met\u0173 dirbam\u0105 savanori\u0161k\u0105 darb\u0105, kod\u0117l nebuvo galima patvirtinti ne tik plano (planas be reali\u0173 finans\u0173 yra viena i\u0161 \u012fdomesni\u0173, \u0161velniai tariant, vadybini\u0173 sistem\u0173?!) finansavim\u0105 paliekant asignavim\u0173 valdytoj\u0173 reikalui, o solid\u017eios programos apiman\u010dios visas ministerijas, kurios su partneriais gal\u0117t\u0173 \u012fgyvendinti \u012fvairias bendruomeni\u0161kas priemones, tik \u0161\u012f syk\u012f jau negalvojant, i\u0161 kur gauti finans\u0173, o vis\u0105 d\u0117mes\u012f skiriant \u012fgyvendinimo kokybei?!<\/p>\n<p style=\"text-align: justify;\">Kadangi taip nebuvo padaryta, gal tod\u0117l \u012f vyriausyb\u0117s patvirtint\u0105 plan\u0105 pateko daug rengini\u0173, kurie ir taip jau vyksta metai i\u0161 met\u0173 ir, matyt, b\u016bt\u0173 \u012fvyk\u0119, jei ir neb\u016bt\u0173 met\u0173 \u017eenklo. O nor\u0117josi, kad bent paskutiniais \u0161ios vyriausyb\u0117s darbo metais bent \u0161iame plane pamatytume kas bus dar padaryta, arba i\u0161girstume, kas tikrai per trejus metus padaryta \u012fgyvendinant teiginius: \u201eStiprinsime j\u0173 atsakomyb\u0119 ir atskaitomyb\u0119 seni\u016bnijos bendruomenei. Skatinsime bendruomeni\u0161kum\u0105 ir teikiam\u0173 paslaug\u0173 prieinamum\u0105 visuomenei\u201c arba \u201eRemsime bendruomeni\u0173 iniciatyvas, skirtas teritorij\u0173 saugumui u\u017etikrinti, saugiai kaimynystei propaguoti ir \u012fgyvendinti\u201c. Deja, o juk tai 16 vyriausyb\u0117s programos 425 ir 442 punktai!<\/p>\n<p style=\"text-align: justify;\">Nor\u0117josi, kad vietos bendruomeni\u0173 metai pasi\u017eym\u0117t\u0173 ne tik tradici\u0161kai atliekam\u0173 darb\u0173 s\u0105vado sudarymu, bet ir sisteminiu d\u0117mesiu (o tai ne tik galvojimas, bet ir atliekamos priemon\u0117s) visose valstybin\u0117se ir savivaldybi\u0173 institucijose siekiant ne \u017evilg\u010dioti atgal, kas pasiekta vietos bendruomeni\u0173 srityje (o pasiek\u0117me per pastaruosius 15 met\u0173 tikrai daug ir tai \u012fvardijame kaip vietos bendruomeni\u0173 S\u0105j\u016bd\u017eio metus), o siekti, kad atlikti renginiai paminint vietos bendruomeni\u0173 metus peraugt\u0173 \u012f nauj\u0105 \u0161ios svarbios veiklos kokyb\u0119.<\/p>\n<p style=\"text-align: justify;\">Naujos veiklos impulso ir kokyb\u0117s reikia, nes atliekami tyrimai rodo, kad stab\u010diojame vietoje. \u0160tai \u201eCivito\u201c nustatomas pilietin\u0117s galios indeksas parod\u0117, kad Lietuvos visuomen\u0117s pilietin\u0117 galia po kelerius metus steb\u0117to ne\u017eymaus augimo 2014 metais gr\u012f\u017eo \u012f ankstesni\u0173, kriz\u0117s met\u0173 (2008-2009 m.), lyg\u012f ir siekia 34 balus i\u0161 100 (2013 m. buvo 36 balai). Mums aktualus indekso rodiklis \u2013 dalyvavote vietos bendruomen\u0117s veikloje \u2013 yra neigiamos dinamikos, nes: 2003 m. dalyvavo 17 proc. , 2009 \u2013 33 proc., 2012 \u2013 36,5 proc., 2013 \u2013 36,5 proc., 2014 \u2013 33 proc., t.y suma\u017e\u0117jo 3,5 punktais.<\/p>\n<p style=\"text-align: justify;\">Kod\u0117l taip yra? Vienareik\u0161mi\u0161ko atsakymo n\u0117ra, o viena i\u0161 prie\u017eas\u010di\u0173 yra vald\u017eios (centrin\u0117s ir vietos) po\u017ei\u016bris \u012f vietos bendruomenes, kaip sako Vilniaus \u017dv\u0117ryno bendruomen\u0117s ilgamet\u0117 pirminink\u0117 Danut\u0117 Jokub\u0117nien\u0117, \u201ejuk \u017eaid\u017eiame, baikime \u017eaisti bendruomen\u0119\u201c! \u0160i\u0105 fraz\u0119 ji skiria politikams. Bet demokratin\u0117je visuomen\u0117je ko nepadaro vald\u017eia, padaro \u017emon\u0117s, o tuo labiau tokie \u017emon\u0117s, kurie dalyvauja vietos bendruomeni\u0173 veikloje.<\/p>\n<p style=\"text-align: justify;\">Kadangi 2016 metai yra ne tik vietos bendruomeni\u0173, bet ir Seimo rinkim\u0173 metai, nelieka nieko kito, kaip vietos bendruomeni\u0173 klausim\u0105 paversti rinkiminiu klausimu. O tai rei\u0161kia, kad Seimo nariai turi ne tik atsiskaityti, k\u0105 jie padar\u0117 per kadencij\u0105 formuodami vietos bendruomeni\u0173 politik\u0105, bet ir pateikt\u0173 ai\u0161ki\u0105 pozicij\u0105 (tegu bus plan\u0105), K\u0104 DARYT\u0172, jei b\u016bt\u0173 v\u0117l i\u0161rinkti! Juk mums jau nepakanka gird\u0117ti, kad \u201eremsime\u201c, \u201esudarysime s\u0105lygas\u201c, \u201epalaikysime\u201c ir t.t. Mes jau norime \u017einoti konkret\u0173 r\u0117mimo plan\u0105, kokias s\u0105lygas sudarys ar kaip palaikys vietos bendruomenes?<\/p>\n<p style=\"text-align: justify;\">Vietos bendruomeni\u0173 politikoje, o jos d\u0117ka kitokiame vietos bendruomeni\u0173 veikime, kai girdime rezonansinius, \u0161okiruojan\u010dius \u012fvykius, reikia ne kalb\u0117jimo (tai jau praeitas etapas), o sprendim\u0173. O juk beveik visi politikai, rei\u0161kiantys savo nuomon\u0119 apie rezonansinius \u012fvykius, vietos bendruomen\u0117s ka\u017ekod\u0117l nepamir\u0161ta. Tai gerai, bet kas daroma, kad ta vietos bendruomen\u0117 (\u017emon\u0117s, dirbantys savanori\u0161kai) b\u016bt\u0173 stipri ir atsakinga bei dalyvaut\u0173 kylan\u010di\u0173 problem\u0173 sprendime?<\/p>\n<p style=\"text-align: justify;\">Taigi, nuo m\u016bs\u0173, kaip pilie\u010di\u0173 (bendruomeninink\u0173), rink\u0117j\u0173, priklauso, ar i\u0161naudosime 2016 metus, politik\u0173 paskelbtus vietos bendruomeni\u0173 metais, padaryti kitokios vietos bendruomeni\u0173 veiklos perspektyvos keitimo metais, nes \u017ei\u016br\u0117jimas atgal, kas vyko vietos bendruomeni\u0173 srityje, naujos kokyb\u0117s nesukuria.<\/p>\n<p>Nuoroda \u012f straipsn\u012f &#8211; http:\/\/www.delfi.lt\/pilietis\/voxpopuli\/nuomone-vietos-bendruomeniu-metai-ar-pasieksime-nauja-kokybe.d?id=70348354<\/p>\n<hr \/>\n<p>&nbsp;<\/p>\n<h1>Donatas Jankauskas: Kokios provincijos norime Lietuvoje?<\/h1>\n<\/article>\n<article><\/article>\n<article><\/article>\n<article><\/article>\n<article><a href=\"http:\/\/bendruomeniskumas.mruni.eu\/wp-content\/uploads\/2014\/11\/file53715775_96f4364c.jpg\"><img loading=\"lazy\" decoding=\"async\" class=\"alignnone wp-image-290\" src=\"http:\/\/bendruomeniskumas.mruni.eu\/wp-content\/uploads\/2014\/11\/file53715775_96f4364c.jpg\" alt=\"file53715775_96f4364c\" width=\"370\" height=\"240\" srcset=\"https:\/\/bendruomeniskumas.mruni.eu\/wp-content\/uploads\/2014\/11\/file53715775_96f4364c.jpg 900w, https:\/\/bendruomeniskumas.mruni.eu\/wp-content\/uploads\/2014\/11\/file53715775_96f4364c-300x194.jpg 300w, https:\/\/bendruomeniskumas.mruni.eu\/wp-content\/uploads\/2014\/11\/file53715775_96f4364c-624x404.jpg 624w\" sizes=\"auto, (max-width: 370px) 100vw, 370px\" \/><\/a><\/article>\n<article><\/article>\n<article><\/article>\n<article><\/article>\n<article><\/article>\n<article><\/article>\n<article><\/article>\n<article>\n<p style=\"text-align: justify;\">Koki\u0105 viet\u0105 Lietuvos kaimo vizija u\u017eima didesn\u0117je \u2013 visos Lietuvos \u2013 raidos strategijoje? \u0160\u012f klausim\u0105 rim\u010diau apm\u0105styti paskatino diskusijos antrajame Kaimo parlamento renginyje, baland\u017eio 24-\u0105j\u0105 vykusiame Aleksandro Stulginskio universitete Kaune. Su aktyviausiais kaimo bendruomeni\u0173 lyderiais, \u012fstatym\u0173 leid\u0117jais ir ekspertais diskutavome apie Lietuvos kaimo pad\u0117t\u012f ir problemas.<\/p>\n<p style=\"text-align: justify;\">\u0160iandien daug kalbame apie stipri\u0105 Lietuv\u0105, kuri\u0105 siejame su inovacijomis, u\u017esienio investicijomis, moderniais miestais, \u012f aktyv\u0173 politin\u012f ir visuomenin\u012f gyvenim\u0105 \u017eengian\u010dia nepriklausomyb\u0117s karta, baigusia geriausius mokslus presti\u017einiuose universitetuose.<\/p>\n<p style=\"text-align: justify;\">Ta\u010diau klausydamas ekspert\u0173 prane\u0161im\u0173 ar bendruomeni\u0173 lyderi\u0173 diskusij\u0173 ir keliam\u0173 kaimo aktualij\u0173 supratau, kad didesn\u0117 dalis Lietuvos provincijos gyvena visi\u0161kai kitomis nuotaikomis. \u017dinoma, nekalbu apie i\u0161imtis, ta\u010diau apkritai Lietuvos provincija toli gra\u017eu neatitinka l\u016bkes\u010di\u0173, kuriuos keliame ne tik moderniai ateities, bet ir \u0161iandienos Lietuvai.<\/p>\n<p style=\"text-align: justify;\">Kaimo parlamente ne kart\u0105 nuskamb\u0117jo l\u016bkestis sugr\u0105\u017einti \u012f kaimus jaunim\u0105, su kuriuo neabejotinai siejamas akivaizdus prover\u017eio tro\u0161kimas, jau\u010diamas kiekviename bendruomeni\u0173 aktyvist\u0173 pasisakyme.<\/p>\n<p style=\"text-align: justify;\">Ta\u010diau, jei situacija i\u0161liks tokia, kokia yra dabar, jaunimas \u012f kaim\u0105 negr\u012f\u0161. Ko gero, dar daugiau jaun\u0173 \u017emoni\u0173 i\u0161vyks \u012f didmies\u010dius arba kitas \u0161alis. Ir tam jie turi visas prie\u017eastis. Juk tokioje provincijoje, koki\u0105 turime \u0161iandien Lietuvoje, galima sakyti, be europin\u0117mis l\u0117\u0161omis suremontuot\u0173 vie\u0161\u0173j\u0173 pastat\u0173, daugiau nieko n\u0117ra.<\/p>\n<p style=\"text-align: justify;\">Pirma, \u010dia n\u0117ra darbo, kur\u012f dirbant b\u016bt\u0173 galima susikurti or\u0173 gyvenim\u0105 bei sudaryti s\u0105lygas kurti \u0161eim\u0105. Antra, kaime n\u0117ra k\u0105 veikti, n\u0117ra patenkinami jauno \u017emogaus socialiniai poreikiai, tr\u016bksta savirai\u0161kos b\u016bd\u0173. Koks jaunas \u017emogus nor\u0117s gr\u012f\u017eti \u012f t\u0117vi\u0161k\u0119, kurioje n\u0117ra nei k\u0105 dirbti, nei k\u0105 laisvalaikiu veikti?<\/p>\n<p style=\"text-align: justify;\">\u0160ioms problemoms spr\u0119sti matau dvi kryptis, kuriomis turime veikti. Pirmiausia, regionuose turi atsirasti daugiau tiesiogini\u0173 u\u017esienio investicij\u0173. Ir \u010dia pasireik\u0161ti jau gali nauja tvarka tiesiogiai vietos gyventoj\u0173 i\u0161rinkti merai.<\/p>\n<p style=\"text-align: justify;\">Investicij\u0173 med\u017eiokl\u0117 turi prasid\u0117ti nedelsiant ir \u012f regionus ateinant daugiau investuotoj\u0173 matysime, kaip \u012f s\u0117kmingai investicijas pritraukian\u010dius rajonus ims gr\u012f\u017eti \u017emon\u0117s.<\/p>\n<p style=\"text-align: justify;\">O antra, regionuose turi tur\u0117ti galimybes veikti aktyvios bendruomen\u0117s, kurios gal\u0117t\u0173 efektyviai spr\u0119sti vietos savivaldos problemas, tenkinti socialinius gyventoj\u0173 poreikius, pagaliau \u2013 populiarinti Lietuvoje dar ma\u017eai kam \u017einom\u0105 socialinio verslo model\u012f.<\/p>\n<p style=\"text-align: justify;\">Tikiu, kad investicij\u0173 pritraukimas bei bendruomeninio darbo j\u0117ga gali pasiekti daug. B\u016btina, kad aktyv\u016bs ir tikri bendruomeni\u0173 lyderiai, kai kur jau nema\u017eai pasiek\u0119, nenusivilt\u0173 ir nenuleist\u0173 rank\u0173, nesulaukdami reali\u0173 galimybi\u0173 tikram prover\u017eiui. Kaimo parlamento sesijoje prover\u017eio tro\u0161kim\u0105 pajutau, ta\u010diau tam, kad jis b\u016bt\u0173 pasiektas, dar reik\u0117s nema\u017eai paplu\u0161\u0117ti.<\/p>\n<p style=\"text-align: justify;\"><em><strong>Donatas Jankauskas<\/strong><\/em><strong>\u00a0<\/strong><strong>yra TS-LKD partijos narys, \u0160e\u0161\u0117lin\u0117s Vyriausyb\u0117s bendruomeni\u0173 reikal\u0173 ministras<\/strong><\/p>\n<\/article>\n<article>Nuoroda \u012f straipsn\u012f &#8211; <a href=\"http:\/\/www.15min.lt\/naujiena\/aktualu\/nuomones\/donatas-jankauskas-kokios-provincijos-norime-lietuvoje-18-499452\">http:\/\/www.15min.lt\/naujiena\/aktualu\/nuomones\/donatas-jankauskas-kokios-provincijos-norime-lietuvoje-18-499452<\/a><\/article>\n<article><\/article>\n<p>________________________________________________________________________________<\/p>\n<p>&nbsp;<\/p>\n<article><\/article>\n<article><\/article>\n<article><\/article>\n<article><\/article>\n<article><\/article>\n<article><strong>NUKNIAUK\u0116 BENDRUOMENI\u0172 L\u0116\u0160AS<\/strong><\/article>\n<article><\/article>\n<article><em>\u00a0<a href=\"http:\/\/bendruomeniskumas.mruni.eu\/wp-content\/uploads\/2014\/11\/6ae9f546b4cb644d3cbdee215642badae2c292d8.jpg\"><img loading=\"lazy\" decoding=\"async\" class=\"alignnone size-medium wp-image-303\" src=\"http:\/\/bendruomeniskumas.mruni.eu\/wp-content\/uploads\/2014\/11\/6ae9f546b4cb644d3cbdee215642badae2c292d8-300x230.jpg\" alt=\"6ae9f546b4cb644d3cbdee215642badae2c292d8\" width=\"300\" height=\"230\" srcset=\"https:\/\/bendruomeniskumas.mruni.eu\/wp-content\/uploads\/2014\/11\/6ae9f546b4cb644d3cbdee215642badae2c292d8-300x230.jpg 300w, https:\/\/bendruomeniskumas.mruni.eu\/wp-content\/uploads\/2014\/11\/6ae9f546b4cb644d3cbdee215642badae2c292d8.jpg 547w\" sizes=\"auto, (max-width: 300px) 100vw, 300px\" \/><\/a><\/em><em>\u00a0<\/em><\/p>\n<p style=\"text-align: justify;\"><em>Socialini\u0173 reikal\u0173 ir darbo ministerija nutar\u0117 paremti Vilniaus miesto bendruomeni\u0173 veikl\u0105 ir skyr\u0117 l\u0117\u0161\u0173. Administruoti skiriamas l\u0117\u0161as paved\u0117 Vilniaus miesto savivaldybei. Ta\u010diau netrukus \u0161i tvarka pakriko, o kai kurioms bendruomen\u0117ms numatytos l\u0117\u0161os neai\u0161kiai dingo<\/em>.<\/p>\n<p style=\"text-align: justify;\"><strong>Ministerijos pagalba bendruomen\u0117ms<\/strong><\/p>\n<p style=\"text-align: justify;\">Dar prie\u0161 trejus metus pora Vilniaus miesto bendruomeni\u0173 buvo pamalonintos gera naujiena, kad per Socialini\u0173 reikal\u0173 ir darbo ministerij\u0105 jos bus remiamos l\u0117\u0161omis. Lietuvos vietos bendruomeni\u0173 organizacij\u0173 s\u0105jungai bendradarbiaujant su Socialini\u0173 reikal\u0173 ir darbo ministerija kilo iniciatyva paremti Lietuvos vietos bendruomenes ir paskatinti j\u0173 savaranki\u0161kum\u0105 bei iniciatyvum\u0105 savivaldoje. Kadangi dviej\u0173 procent\u0173 gyventoj\u0173 pajam\u0173 mokes\u010dio paramos nema\u017ea dalis nepaskirstyta gr\u012f\u017edavo \u012f biud\u017eet\u0105, buvo nuspr\u0119sta 8 mln. lit\u0173 skirti \u201eVietos bendruomeni\u0173 savivaldos programai\u201c \u012fgyvendinti.<\/p>\n<p style=\"text-align: justify;\">Tuomet seni\u016bnijose buvo sudarytos Vietos bendruomeni\u0173 tarybos, kurios numat\u0117, kada, kiek ir kokiai veiklai skirti l\u0117\u0161\u0173. Paramos dydis skiriamas proporcingai nuo gyventoj\u0173 skai\u010diaus rajone. Pilait\u0117s vietos bendruomeni\u0173 taryboje dalyvaujant ne tik bendruomeni\u0173, bet ir kit\u0173 organizacij\u0173, \u012fstaig\u0173 atstovams, u\u017e veiklai skirtas l\u0117\u0161as buvo \u012frengtos skelbim\u0173 lentos, pastatyti suoliukai, treniruokliai, nuolyd\u017eiai ne\u012fgali\u0173j\u0173 u\u017eva\u017eiavimui ant \u0161aligatvi\u0173, kiti smulk\u016bs darbai. Likusi\u0173 l\u0117\u0161\u0173 dalis buvo skiriama \u012fvairiems renginiams organizuoti.<\/p>\n<p style=\"text-align: justify;\">Atrod\u0117, pagaliau prisimintos organizacijos, kurios iki ministerijos sprendimo remti bendruomenes nebuvo vyriausyb\u0117s biud\u017eeto ki\u0161en\u0117je ir savo paj\u0117gomis vykd\u0117 visuomenei nauding\u0105 veikl\u0105. Ta\u010diau Socialini\u0173 reikal\u0173 ir darbo ministerija numat\u0117, kad l\u0117\u0161\u0173 skirstym\u0105 ir atsiskaitym\u0105 u\u017e atliktus darbus reguliuos Vilniaus miesto savivaldyb\u0117. Toks l\u0117\u0161\u0173 skirstymas ne tiesiogiai, o per savivaldyb\u0119 virto gana sud\u0117tingu, o kartais juokingu procesu. Mat, vietos bendruomeni\u0173 tarybai paskirs\u010dius, kokiai veiklai skirti l\u0117\u0161as, toliau savivaldyb\u0117 skelbia konkurs\u0105, nors tai veiklai b\u016bt\u0173 skirta tik pora t\u016bkstan\u010di\u0173 lit\u0173. Konkurs\u0105 laimi neb\u016btinai rengin\u012f ar kit\u0105 veikl\u0105 vykdanti organizacija.<\/p>\n<p style=\"text-align: justify;\"><strong>Geri norai ar pasity\u010diojimas?<\/strong><\/p>\n<p style=\"text-align: justify;\">Taip atsitiko ir Pilait\u0117je, kai Pilait\u0117s bendruomen\u0117s centrui \u201eMa\u017eoji Lietuva\u201c kal\u0117diniam renginiui skirtas l\u0117\u0161as konkurso laim\u0117tojas panaudojo visai kitame renginyje. Tuo tarpu, \u0161i bendruomen\u0117, nenor\u0117dama prarasti tradicij\u0173, kal\u0117din\u0119 vakaron\u0119 sureng\u0117 savo l\u0117\u0161omis. Tokiu pa\u010diu konkursu neapsid\u017eiaug\u0117 ir Pilait\u0117s rajone \u012fsik\u016brusi sveikuoli\u0173 organizacija \u201eGilu\u017eis\u201c. J\u0173 sveikuoli\u0161kam renginiui maudyn\u0117ms su pirtimi prie Salot\u0117s e\u017eero tur\u0117jo b\u016bti skirti du t\u016bkstan\u010diai lit\u0173. Kadangi \u0161iai organizacijai visuomet tr\u016bksta l\u0117\u0161\u0173 b\u016btiniausioms reikm\u0117ms, tai konkurso laim\u0117tojo buvo papra\u0161yta par\u016bpinti palapini\u0173, miegmai\u0161i\u0173 ir kit\u0173 sveikuoliams tr\u016bkstam\u0173 daikt\u0173. Kaip patikino sveikuoli\u0173 renginio organizator\u0117, j\u0173 paskai\u010diavimu, maudyn\u0117ms buvo i\u0161leista tik iki 500 lit\u0173. Kur dingo likusi l\u0117\u0161\u0173 dalis, sveikuoli\u0173 atstov\u0117 ne\u017eino. Tiek Pilait\u0117s bendruomen\u0117s centro \u201eMa\u017eoji Lietuva\u201c, tiek sveikuoli\u0173 organizacijos \u201eGilu\u017eis\u201c atstov\u0117s nor\u0117jo su konkurso laim\u0117toju tartis tiesiogiai. Pasirod\u0117, kad konkurso laim\u0117tojas yra valstybin\u0117 paslaptis. N\u0117 viena i\u0161 \u0161i\u0173 organizacij\u0173 taip ir nesu\u017einojo nei konkurso laim\u0117tojo, nei kas pasisavino j\u0173 l\u0117\u0161as.<\/p>\n<p style=\"text-align: justify;\">Kai varganos bendruomen\u0117ms numatytos l\u0117\u0161os dingsta kaip \u012f vanden\u012f, yra graudu. Ta\u010diau tokiu b\u016bdu yra uzurpuojami ir patys bendruomeni\u0173 renginiai. Konkurso laim\u0117tojas apie vyksiant\u012f rengin\u012f paskelbia savo vardu. Tokiu b\u016bdu perima ne tik renginiui skirtas l\u0117\u0161as, bet pa\u010di\u0105 id\u0117j\u0105, o bendruomenei nelieka nei l\u0117\u0161\u0173, nei paties renginio. Nors prakti\u0161kai dar neprieita iki rengini\u0173 pasisavinimo visi\u0161kai nustumiant bendruomenes, bet tokia pad\u0117tis tikrai nepadeda joms ir stipr\u0117ti.<\/p>\n<p style=\"text-align: justify;\">Apie susidariusi\u0105 pad\u0117t\u012f \u017eod\u017eiu buvo informuotas Socialini\u0173 reikal\u0173 ir darbo ministerijos bendruomeni\u0173 skyriaus ved\u0117jas Ar\u016bnas Ku\u010dikas. Pokalbio metu jis prisimin\u0117, kad Kauno mieste yra kitokia tvarka. Ten bendruomen\u0117ms l\u0117\u0161os skiriamos per projektus. Tuomet nereikia skelbti konkurso ir organizacijos u\u017e projekto \u012fgyvendinim\u0105 atsiskaito pa\u010dios.<\/p>\n<p style=\"text-align: justify;\"><strong>Seni\u016bnai\u010diai save pasiskiria patys<\/strong><\/p>\n<p style=\"text-align: justify;\">Kai kuri\u0173 politik\u0173 d\u0117ka Vietos savivaldos \u012fstatyme numa\u010dius, kad seni\u016bnijos turi b\u016bti suskirstytos \u012f seni\u016bnaitijas ir jose i\u0161rinkti seni\u016bnai\u010diai, \u0161i praktika \u012fgyvendinama jau ne vieneri metai. Ta\u010diau jau pirmaisiais metais seni\u016bnijoms paband\u017eius surinkti savo rajon\u0173 gyventojus ir numatyti seni\u016bnai\u010di\u0173 rinkimo tvark\u0105, ji taip ir nebuvo \u012fgyvendinta. Seni\u016bnijos \u0161i\u0105 problem\u0105 i\u0161sprend\u0117 papras\u010diausiu b\u016bdu. \u017dinodamos savo aktyviausius rajono \u017emones, jiems pasi\u016blo patiems susirinkti para\u0161us. Daugiausiai para\u0161\u0173 surink\u0119s kandidatas automati\u0161kai tampa seni\u016bnai\u010diu. \u0160i praktika kol kas niekam nekli\u016bva, nes vietos bendruomeni\u0173 tarybos skirsto ir \u012fgyvendina priemones u\u017e simboli\u0161kas sumas. Ta\u010diau i\u0161 kit\u0173 rajon\u0173 bendruomeni\u0173 gauta informacija rodo, kad toks seni\u016bnai\u010di\u0173 sav\u0119s pasiskyrimas jei ne dabar, tai ateityje gali tapti rimta problema.<\/p>\n<p style=\"text-align: justify;\"><strong>Pati i\u0161sirinko, pati ir skirsto<\/strong><\/p>\n<p style=\"text-align: justify;\">Balsi\u0173 bendruomen\u0117 \u012f seni\u016bnai\u010dius pasi\u016bl\u0117 savo pirminink\u0105 Rimant\u0105 Mick\u0105. Pagal jau nusistov\u0117jusi\u0105 tvark\u0105, R. Micka susirinko per 430 para\u0161\u0173 ir pristat\u0117 \u012f seni\u016bnij\u0105. Bendruomen\u0117s pirmininkas tik\u0117josi, kad surink\u0119s daugiausiai para\u0161\u0173 viet\u0105 seni\u016bnai\u010di\u0173 tarpe jau u\u017esitikrino. Ta\u010diau po rezultat\u0173 seni\u016bnijoje suvedimo savo surinktus para\u0161us pristat\u0117 ankstesn\u0117je kadencijoje buvusi seni\u016bnait\u0117 Olga Dovyd\u0117nien\u0117. Kadangi ji buvo surinkusi keliomis de\u0161imtimis daugiau para\u0161\u0173, ji ir buvo patvirtinta seni\u016bnaite, v\u0117liau \u2013 Vietos bendruomeni\u0173 tarybos pirmininke. Kilus \u012ftarimui d\u0117l gyventoj\u0173 para\u0161\u0173 teis\u0117tumo Balsi\u0173 bendruomen\u0117 ra\u0161tu kreip\u0117si \u012f savivaldyb\u0117s administracij\u0105. Bendruomenei buvo atsakyta, kad u\u017e surinkt\u0173 para\u0161\u0173 teis\u0117tum\u0105 atsako pats juos rink\u0119s asmuo, o savivaldyb\u0117 neturi teis\u0117s j\u0173 tikrinti.<\/p>\n<p style=\"text-align: justify;\">Vietos bendruomeni\u0173 tarybos pirmininke tapusi O. Dovyd\u0117nien\u0117 nesnaud\u0117 ir savo bei seni\u016bnai\u010di\u0173 nuo\u017ei\u016bra paskirst\u0117 147 000 lit\u0173. Tuo tarpu Balsi\u0173 bendruomen\u0117s 2014 metais teikti bent penki projektai buvo atmesti.<\/p>\n<p style=\"text-align: justify;\">Balsi\u0173 bendruomen\u0117 \u017einoma, kaip geriausiai suk\u016brusi savo rajono infrastrukt\u016br\u0105. Rimantas Micka, pus\u0119 l\u0117\u0161\u0173 surinkus i\u0161 gyventoj\u0173, o kit\u0105 pus\u0119 padengus i\u0161 savivaldyb\u0117s, \u012freng\u0117 asfaltuotas gatves, ap\u0161vietim\u0105. Bendruomen\u0117s ir kult\u016bros projekt\u0173 l\u0117\u0161omis toliau kuriamas Mitologini\u0173 skulpt\u016br\u0173 parkas. Bendruomen\u0117 nema\u017eai prisid\u0117jo, kad b\u016bt\u0173 pastatyta nauja ir moderni mokykla Balsiuose.<\/p>\n<p style=\"text-align: justify;\">R. Mickos minima O. Dovyd\u0117nien\u0117 man primena jau senokus laikus, kai tuo pa\u010diu vardu ir pavarde Pilait\u0117s seni\u016bnijoje prisista\u010diusi moteris met\u0117 ant stalo projektus ir pasak\u0117, kad 120 ha Pilait\u0117s mi\u0161ke bus \u012frengtas golfo aik\u0161tynas. Kilus s\u0105my\u0161iui d\u0117l didel\u0117je dalyje teritorijos numatomo i\u0161tisinio mi\u0161ko kirtimo, buvo paklausta, ar teikdama tok\u012f projekt\u0105 O. Dovyd\u0117nien\u0117 neprasilenkia su s\u0105\u017eine. Tuometin\u0117 \u017dv\u0117ryno golfo klubo atstov\u0117 \u012f tai at\u0161ov\u0117, kad med\u017eiai tam ir auga, kad b\u016bt\u0173 i\u0161kirsti. R, Micka pa\u017eymi, kad pana\u0161iai su jais bendrauja ir Pilait\u0117s mi\u0161ko istorijoje pasi\u017eym\u0117jusios moters bendrapavard\u0117 Balsiuose.<\/p>\n<p style=\"text-align: justify;\"><strong>Visori\u0173 bendruomen\u0117 u\u017egin\u010dijo darbus<\/strong><\/p>\n<p style=\"text-align: justify;\">Vietos bendruomeni\u0173 tarybai pritarus d\u0117l Visori\u0173 gatv\u0117s remonto, \u0161iems darbams buvo skirta 28 000 lit\u0173. Visori\u0173 bendruomen\u0117, susipa\u017einusi su atlikt\u0173 darb\u0173 s\u0105mata-aktu, kur\u012f pateik\u0117 darbus atlikusi UAB \u201eGatvi\u0173 statyba\u201c, nustat\u0117, kad akte nurodyti darb\u0173 kiekiai neatitinka tikrov\u0117s. Bendruomen\u0117s ra\u0161te Vilniaus miesto savivaldyb\u0117s administracijai nurodoma, kad UAB \u201eGatvi\u0173 statyba\u201c i\u0161ve\u017e\u0117 perpus ma\u017eiau kubini\u0173 metr\u0173 grunto, negu nurod\u0117 s\u0105matoje-akte. Bendruomenei apie tai informavus Verki\u0173 seni\u016bn\u0105 Vaclav Gulbinovi\u010d, seni\u016bnas, nepaisydamas bendruomen\u0117s reikalavimo, patvirtino darb\u0173 atlikimo akt\u0105.<\/p>\n<p style=\"text-align: justify;\">Socialini\u0173 reikal\u0173 ir darbo ministerija, reaguodama \u012f Visori\u0173 bendruomeni\u0173 kreipim\u0105si d\u0117l Visori\u0173 gatv\u0117s remonto darb\u0173, Vilniaus miesto savivaldyb\u0117s administracijai i\u0161ai\u0161kino Vietos bendruomeni\u0173 savivaldos 2013\u20132015 programos svarb\u0105 ir nurod\u0117 u\u017etikrinti skaidr\u0173, tinkam\u0105 Vietos bendruomeni\u0173 sprendim\u0173 \u012fgyvendinim\u0105.<\/p>\n<p style=\"text-align: justify;\"><strong>Kas gaudo bendruomeni\u0173 naud\u0105<\/strong><\/p>\n<p style=\"text-align: justify;\">Socialini\u0173 reikal\u0173 ir darbo ministerijos id\u0117ja remti bendruomeni\u0173 veikl\u0105, jas stiprinti savivaldos bendruomenin\u0117je veikloje b\u016bt\u0173 lyg ir savivaldos reformos prad\u017eia. Ta\u010diau geri norai i\u0161 karto buvo \u012fvilkti \u012f tam tikrus r\u0117mus, kaip Vietos bendruomeni\u0173 tarybos \u012fk\u016brimas, kuriose, be vis\u0173 tame rajone egzistuojan\u010di\u0173 organizacij\u0173 atstov\u0173, yra ir visi seni\u016bnai\u010diai. Taigi, ne bendruomen\u0117s priima sprendimus d\u0117l gaunam\u0173 l\u0117\u0161\u0173 paskirstymo, o bendruomeni\u0173 taryba. Da\u017enai tenka steb\u0117ti tok\u012f vaizd\u0105, kai seni\u016bnai\u010diai pl\u0117\u0161osi tarpusavyje \u012frodin\u0117dami, koki\u0173 l\u0117\u0161\u0173 jiems reikia j\u0173 atstovaujamoje teritorijoje, kad patenkint\u0173 savo gyventoj\u0173 poreikius. O bendruomen\u0117s ir v\u0117l lieka nuo\u0161alyje ir, jei joms skiriama pati menkiausia gaunamos paramos dalis, tai dar neai\u0161ku, ar ji i\u0161 tikro liks tos bendruomen\u0117s renginiui. I\u0161eit\u0173, kad tos paramos bendruomen\u0117ms kaip ir nebelieka.<\/p>\n<p style=\"text-align: justify;\">\u00a0Nuoroda \u012f straipsn\u012f &#8211;\u00a0<a href=\"http:\/\/www.bernardinai.lt\/straipsnis\/2015-02-13-nukniauke-bendruomeniu-lesas\/127465\">http:\/\/www.bernardinai.lt\/straipsnis\/2015-02-13-nukniauke-bendruomeniu-lesas\/127465<\/a><\/p>\n<\/article>\n<article>________________________________________________________________________________<\/article>\n<article><\/article>\n<article><\/article>\n<article><strong>Vilniaus bendruomeni\u0173 asociacija su Vilniaus miesto savivaldybe pasira\u0161\u0117 bendradarbiavimo sutart\u012f<\/strong><\/article>\n<article><\/article>\n<article><\/article>\n<article><\/article>\n<article><\/article>\n<article><a href=\"http:\/\/bendruomeniskumas.mruni.eu\/wp-content\/uploads\/2014\/11\/v_i2zk7611710.jpg\"><img loading=\"lazy\" decoding=\"async\" class=\"alignnone size-medium wp-image-299\" src=\"http:\/\/bendruomeniskumas.mruni.eu\/wp-content\/uploads\/2014\/11\/v_i2zk7611710-300x156.jpg\" alt=\"v_i2zk7611710\" width=\"300\" height=\"156\" srcset=\"https:\/\/bendruomeniskumas.mruni.eu\/wp-content\/uploads\/2014\/11\/v_i2zk7611710-300x156.jpg 300w, https:\/\/bendruomeniskumas.mruni.eu\/wp-content\/uploads\/2014\/11\/v_i2zk7611710.jpg 538w\" sizes=\"auto, (max-width: 300px) 100vw, 300px\" \/><\/a><\/article>\n<article>\n<p style=\"text-align: justify;\">Rotu\u0161\u0117je Vilniaus bendruomeni\u0173 asociacija \u00a0su\u00a0 Vilniaus miesto savivaldybe pasira\u0161\u0117 bendradarbiavimo sutart\u012f.<\/p>\n<p style=\"text-align: justify;\">&#8220;D\u017eiaugiuosi, tai \u2013 galimyb\u0117 per\u017ei\u016br\u0117ti savivaldos ir bendruomeni\u0173 santykius kitu formatu, naujais aspektais. Suprantu, kad vietin\u0117 bendruomen\u0117 yra stipri ir svarbi j\u0117ga, kuri turi didel\u012f potencial\u0105 dalyvauti kiekvieno miesto gyvenime ir j\u012f keisti. Kiekvienas i\u0161 m\u016bs\u0173 gali nuveikti daug, ta\u010diau, dirbdami drauge,\u00a0 galime nuveikti dar daugiau. Tik nereikia bijoti iniciatyvumo, reikia dr\u0105sos, noro veikti, keisti, tvarkyti. D\u0117koju visoms aktyvioms bendruomen\u0117ms u\u017e nuveiktus darbus, \u00a0u\u017e tai, kad jums ne vis vien, kaip miestas atrodo, kuo ir kaip gyvena&#8221;, &#8211; sak\u0117 Vilniaus meras Art\u016bras Zuokas.<\/p>\n<p style=\"text-align: justify;\">Pasak \u012fgaliot\u0173 pasira\u0161yti mero Art\u016bro Zuoko ir Vilniaus bendruomeni\u0173 asociacijos pirmininko Rimanto Mickos, sutartis sudarys s\u0105lygas glaudesniam bendradarbiavimui svarstant svarbius bendruomen\u0117ms projektus: infrastrukt\u016bros pl\u0117tr\u0105, teritorij\u0173 planavim\u0105, statybas, bendruomeni\u0173 iniciatyv\u0173 ir veiklos projekt\u0173 finansavim\u0105.<\/p>\n<p style=\"text-align: justify;\">Vilniaus bendruomeni\u0173 asociacija susik\u016br\u0117 2009 m. kovo 5 d., siekiant koordinuoti bendruomeni\u0173 veikl\u0105, skatinti bendruomeni\u0173 pl\u0117tr\u0105, \u012ftraukti gyventojus \u012f miesto savivaldos procesus. \u0160iuo metu asociacija vienija 23 Vilniaus bendruomenes &#8211; Jeruzal\u0117s, Senamies\u010dio, Balsi\u0173, Naujosios Vilnios, Gerosios Vilties, Naujamies\u010dio &#8220;Vingis&#8221;, Trak\u0173 Vok\u0117s \u00a0&#8220;Versm\u0117&#8221;, \u017dv\u0117ryno, U\u017eupio, Fabijoni\u0161ki\u0173, Naujinink\u0173, U\u017eusienio, Salinink\u0173, Vir\u0161uli\u0161ki\u0173 &#8220;Giesm\u0117&#8221;, \u0160nipi\u0161ki\u0173, \u017dirm\u016bn\u0173, Visori\u0173,\u00a0 Antakalnie\u010di\u0173, Karolini\u0161ki\u0173, Grigi\u0161ki\u0173 &#8220;Grija&#8221;, Justini\u0161kie\u010di\u0173, Vir\u0161uli\u0161ki\u0173, Ras\u0173 kolonijos bendruomenes.<\/p>\n<p style=\"text-align: justify;\">Vilniaus miesto savivaldyb\u0117s taryba 2014 m. gruod\u017eio m\u0117n. pritar\u0117 Sutarties pasira\u0161ymui.<\/p>\n<p style=\"text-align: justify;\">Ceremonijoje dalyvavo Vilniaus miesto savivaldyb\u0117s vadovai, Vilniaus miesto savivaldyb\u0117s tarybos komisij\u0173 vadovai, komitet\u0173 pirmininkai, frakcij\u0173 vadovai, Vilniaus bendruomeni\u0173 asociacijos atstovai, seni\u016bnai.<\/p>\n<\/article>\n<article>Nuoroda \u012f straipsn\u012f &#8211;\u00a0<a href=\"http:\/\/www.vilnius.lt\/index.php?3926581019\">http:\/\/www.vilnius.lt\/index.php?3926581019<\/a><\/article>\n<article><\/article>\n<article>________________________________________________________________________________<\/article>\n<article><\/article>\n<article><\/article>\n<article><\/article>\n<article><strong>*\u00a0Tomas Baku\u010dionis. Vietos bendruomen\u0117 \u2013 kertinis vietos savivaldos akmuo<\/strong><\/article>\n<article><\/article>\n<article><\/article>\n<article><a href=\"http:\/\/bendruomeniskumas.mruni.eu\/wp-content\/uploads\/2014\/11\/tomas-bakucionis-67033284.jpg\"><img loading=\"lazy\" decoding=\"async\" class=\"alignnone size-medium wp-image-293\" src=\"http:\/\/bendruomeniskumas.mruni.eu\/wp-content\/uploads\/2014\/11\/tomas-bakucionis-67033284-300x188.jpg\" alt=\"tomas-bakucionis-67033284\" width=\"300\" height=\"188\" \/><\/a><\/article>\n<article><\/article>\n<article><\/article>\n<article><\/article>\n<article><\/article>\n<article><\/article>\n<article>\n<p style=\"text-align: justify;\"><b>Per 25 nepriklausomos Lietuvos gyvavimo metus galima pasteb\u0117ti gana ry\u0161ki\u0105 vald\u017eios centralizavimo tendencij\u0105.<\/b><\/p>\n<div style=\"text-align: justify;\">\n<p>Nors vald\u017eios pareig\u016bnai ir politikai daug postringauja (ne tik prie\u0161 rinkimus) apie \u0161alies demokratin\u0119 raid\u0105, vald\u017eios decentralizavim\u0105 ir pilietin\u0117s visuomen\u0117s stiprinim\u0105, Seimo ir savivaldybi\u0173 politik\u0173 praktiniai darbai gerokai skiriasi nuo gra\u017ei\u0173 \u0161\u016bki\u0173&#8230;<\/p>\n<p>\u0160iandien matome daug daugiau toki\u0173 politini\u0173 sprendim\u0173, kurie atima i\u0161 pilie\u010di\u0173 galimyb\u0119 dalyvauti \u0161alies valdyme ir sprendim\u0173 pri\u0117mime, ta\u010diau regime kur kas ma\u017eiau toki\u0173, kurie suteikt\u0173 daugiau gali\u0173 vietos bendruomeni\u0173 organizacijoms ar net apskritai daugiau galimybi\u0173 pilie\u010diams i\u0161sakyti savo nuomon\u0119, pavyzd\u017eiui &#8211; referendume. Jau esu ra\u0161\u0119s apie tai, kad referendum\u0105 d\u0117l \u017dem\u0117s nepardavimo u\u017esienie\u010diams ir d\u0117l referendumo iniciatyvos kartel\u0117s iki 100000 para\u0161\u0173 suma\u017einimo, i\u0161 esm\u0117s su\u017elugd\u0117 destruktyv\u016bs ir cini\u0161ki vald\u017eios veiksmai. \u012e \u0161iuos antidemokratinius politinius \u017eaidimus \u012fsitrauk\u0117 ir Konstitucinis teismas, kuris 2014 met\u0173 liepos 11 dien\u0105 pri\u0117m\u0117 Nutarim\u0105, kuriuo atv\u0117r\u0117 vartus pilie\u010di\u0173 konstitucin\u0117s teis\u0117s i\u0161sakyti nuomon\u0119 referendume ir taip dalyvauti valstyb\u0117s valdyme, suvar\u017eymams.<\/p>\n<div id=\"ao-ad-id-1822767769\" class=\"delfi-article-banner\" data-cb-ad-id=\"Article 520x230\"><\/div>\n<p>I\u0161 ties\u0173 tokio nuokrypio nuo pilnavert\u0117s europieti\u0161kos demokratin\u0117s raidos kelio Lietuvoje prielaid\u0173 reik\u0117t\u0173 ie\u0161koti gerokai anks\u010diau \u2013 1994-1995 metais, kai buvo prad\u0117ta vietos savivaldos reforma. Tuomet buvo sunaikintos tikros atstovaujamosios savivaldos u\u017euomazgos, kurios pasirei\u0161k\u0117 dviej\u0173 pakop\u0173 savivaldos sistema, ir buvo pasukta link \u017eenkliai centralizuot\u0173 dideli\u0173 savivaldybi\u0173 k\u016brimo. To pas\u0117koje \u0161iandien turime i\u0161 esm\u0117s neu\u017ebaigt\u0105 administracin\u0119 teritorin\u0119 reform\u0105, nes vienose savivaldyb\u0117se mer\u0105 ir taryb\u0105 rinks 14000 gyventoj\u0173 (Pavyzd\u017eiui \u2013 Kazl\u0173 R\u016bdoje), o kitose, kaip Vilniaus mieste \u2013 apie pus\u0119 milijono gyventoj\u0173. Kod\u0117l taip \u012fvyko? Tod\u0117l, kad reformos architektai nesuprato, o gal nenor\u0117jo suprasti vietos bendruomen\u0117s reik\u0161m\u0117s, tos apatin\u0117s savivaldos grandies, kuri sudaro savivaldos pagrind\u0105 ir be kurios vietos savivalda demokratin\u0117je valstyb\u0117je ne\u012fsivaizduojama.<\/p>\n<p>Vietos bendruomeni\u0173 organizacijos Lietuvoje prad\u0117jo kurtis beveik prie\u0161 du de\u0161imtme\u010dius, pastar\u0105j\u012f de\u0161imtmet\u012f bendruomeni\u0173 s\u0105j\u016bdis sustipr\u0117jo, ypa\u010d kaimo vietov\u0117se ir miesteliuose, 2011-\u0173j\u0173 kovo m\u0117nes\u012f \u012fsik\u016br\u0117 ir vietos bendruomeni\u0173 sk\u0117tin\u0117 organizacija \u2013 Lietuvos vietos bendruomeni\u0173 organizacij\u0173 s\u0105jung\u0105, \u0161iuo metu jungianti Vilniaus bendruomeni\u0173 asociacij\u0105, Kaimo bendruomeni\u0173 s\u0105jung\u0105, Kauno bendruomeni\u0173 centr\u0173 asociacij\u0105 ir \u0160iauli\u0173 bendruomeni\u0173 konfederacij\u0105.<\/p>\n<p>Vietos bendruomeni\u0173 veikla (ypa\u010d ma\u017eesniuose miesteliuose) darosi vis labiau \u012fvairiapusi\u0161ka ir turininga \u2013 vykdoma kult\u016brin\u0117, sportin\u0117, \u0161viet\u0117ji\u0161ka veikla, pl\u0117tojami socialiniai bendruomeni\u0173 verslai, nuo 2004 met\u0173 Lietuvoje vykdoma programa LEADER \u2013 viena i\u0161 keturi\u0173 <a class=\"ttl_link textTag_61859927\" title=\"Europos S\u0105jungos\" href=\"http:\/\/www.delfi.lt\/temos\/europos-sajungos\" target=\"_blank\">Europos S\u0105jungos<\/a> iniciatyv\u0173 ( kitos \u2013 INTERREG, URBAN, EQUAL) dav\u0117 teigiam\u0173 poslinki\u0173 kaimo bendruomeni\u0173 pl\u0117trai. Ta\u010diau vald\u017eios po\u017ei\u016bris \u012f bendruomenes ma\u017eai kinta. Bendruomenes ir j\u0173 problemas vald\u017eios institucijos prisimena, kai reikia prasukti kok\u012f europin\u012f projekt\u0117l\u012f ar u\u017esid\u0117ti \u201epauk\u0161\u010diuk\u0105\u201d ataskaitose. Blogyb\u0117 dar ir ta, kad vietos bendruomeni\u0173 veikla atsid\u016br\u0117 net trij\u0173 ministerij\u0173 globoje \u2013 Vidaus reikal\u0173, \u017dem\u0117s \u016bkio bei Socialin\u0117s apsaugos ir darbo ministerij\u0173. \u017dinome tai, k\u0105 apie devynias aukles kalba m\u016bs\u0173 tautos i\u0161mintis&#8230;<\/p>\n<p>Vis d\u0117l to vietos bendruomen\u0117s yra svarbios ne tik d\u0117l pl\u0117tojam\u0173 kult\u016brini\u0173, \u0161viet\u0117ji\u0161k\u0173 veikl\u0173 ar socialini\u0173 versl\u0173, ta\u010diau d\u0117l to, kad jos, b\u016bdamos apatine vald\u017eios piramid\u0117s grandimi, tampa savoti\u0161k\u0173 tautos nuotaik\u0173 transliuotoju, kas vald\u017eiai toli gra\u017eu ne visada patinka. Prisiminkime, kiek purvo kai kurie politikai i\u0161pyl\u0117 ant \u017digai\u010di\u0173 kaimo bendruomen\u0117s, kai \u0161i pasiprie\u0161ino skal\u016bnini\u0173 duj\u0173 \u017evalgybai jos regione, o jei dar tiksliau \u2013 pasisak\u0117 u\u017e \u0161var\u0173 vanden\u012f. Pana\u0161u, kad amerikie\u010di\u0173 kompanija \u201eChevron\u201c bendruomen\u0117s bals\u0105 suprato, deja \u2013 ne visi m\u016bs\u0173 valstyb\u0117s politikai, nes kai kurie puol\u0117 \u017dygai\u010diuose \u201ekremliaus\u201d agent\u0173 ie\u0161koti&#8230;<\/p>\n<p>Bendruomen\u0117s turi b\u016bti vietos vald\u017eios partneriu, nuiman\u010diu nuo vietos vald\u017eios dal\u012f administracin\u0117s na\u0161tos, savoti\u0161ku filtru vietos gyventoj\u0173 poreikiams identifikuoti. Tuo tarpu \u0161iandien did\u017eiuosiuose miestuose bendruomeni\u0173 pad\u0117tis yra net blogesn\u0117, nes miest\u0173 vald\u017eios ir toliau j\u0173 sistemi\u0161kai negirdi. Ypa\u010d negirdi teritorij\u0173 planavimo procesuose ir priimant strateginius sprendimus d\u0117l atskir\u0173 vie\u0161osios infrastrukt\u016bros objekt\u0173. Kitu atveju, \u2013 ar b\u016bt\u0173 taip skubotai priimti sprendimai d\u0117l Vilniaus bendrojo plano, d\u0117l atskir\u0173 teritorij\u0173 u\u017estatymo (pavyzd\u017eiui naujojo AKROPOLIO prekybos centro statybos ant dalies Vingio parko teritorijos)? Kur nors Londono centre be vietos bendruomen\u0117s \u017einios jums net kiosko neleis pastatyti. \u0160tai taip realiai turi veikti Lietuvoje ratifikuota ORHUSO konvencija. Tuo tarpu dabartin\u0117 Vilniaus vald\u017eia net nepasivargino deramai vilnie\u010di\u0173 paklausti, ar jiems reikalingi seni\u016bnai ir seni\u016bnijos, tiesiog \u0117m\u0117 ir nusprend\u0117 panaikinti kaip rei\u0161kin\u012f. Pana\u0161iai kaip panaikino dal\u012f vie\u0161ojo transporto mar\u0161rut\u0173 Vilniuje \u2013 sus\u0117do p. K.Lubys su p. A.Zuoku bei dar keliais ponais ir nusprend\u0117 \u2013 dal\u012f troleibus\u0173 parduoti, dal\u012f mar\u0161rut\u0173 panaikinti. Vietos gyventoj\u0173 ir j\u0173 bendruomeni\u0173 nuomon\u0117 jiems nebuvo \u012fdomi. Toki\u0173 pavyzd\u017ei\u0173 vien Vilniuje per pastar\u0105j\u012f de\u0161imtmet\u012f surinktume i\u0161tisas \u0161\u016bsnis.<\/p>\n<p>Demokratin\u0117se valstyb\u0117se vietos bendruomeni\u0173 vaidmuo valstyb\u0117s gyvenime yra seniai suvoktas, atliekamos mokslin\u0117s studijos, veikia i\u0161tisi tarptautini\u0173 bendruomenini\u0173 organizacij\u0173 tinklai. \u017dinomi amerikie\u010di\u0173 mokslininkai, Masa\u010diusetso universiteto profesoriai Bernard H.Ross (a.a.) ir Myron A.Levine, \u017eenkli\u0105 savo akademin\u0117s veiklos dal\u012f paskyr\u0119 miesto bendruomeni\u0173 tyrin\u0117jimams, i\u0161leid\u0119 vis\u0105 serij\u0105 mokslini\u0173 knyg\u0173 \u201eUrban politics\u201c (Miest\u0173 politika), apibr\u0117\u017e\u0117 pilie\u010di\u0173 bendruomeni\u0173 dalyvavim\u0105 vie\u0161\u0173j\u0173 reikal\u0173 tvarkyme trimis aktyvumo laipsniais: nedalyvavimas &#8211; simboliniai ritualai &#8211; pilie\u010di\u0173 kontrol\u0117. Kol kas galime nelinksmai konstatuoti, kad Lietuvoje pasiektas geriausiu atveju antrasis aktyvumo laipsnis \u2013 d\u0117l to \u201epauk\u0161\u010diuko\u201c ataskaitose.<\/p>\n<p>Tiesa, vienas poslinkis yra. Kai skaitytojai skaitys \u0161\u012f straipsn\u012f, Vilniaus bendruomeni\u0173 asociacija vasario 12-\u0105j\u0105 tik\u0117tina bus jau pasira\u0161iusi Bendradarbiavimo sutart\u012f su Vilniaus miesto savivaldybe. Ar \u0161i sutartis netaps tik tuo amerikie\u010di\u0173 mokslinink\u0173 apibr\u0117\u017etu simboliniu ritualu prie\u0161 rinkimus, parodys jau netolima ateitis. Dar vienas svarbus \u017eingsnis \u2013 <a class=\"ttl_link textTag_59260837\" title=\"Vilniaus savivaldyb\u0117\" href=\"http:\/\/www.delfi.lt\/temos\/vilniaus-savivaldybe\" target=\"_blank\">Vilniaus savivaldyb\u0117je<\/a> pagaliau turi b\u016bti \u012fsteigta bendruomeni\u0173 reikal\u0173 taryba, kuri gal\u0117t\u0173 koordinuoti bendruomeni\u0173 vykdomus projektus, pad\u0117t\u0173 bendruomen\u0117ms kurti bendruomeni\u0173 centrus, kuri\u0173 steigim\u0105 Savivaldyb\u0117 buvo numa\u010diusi dar 2006 metais. Vilniaus bendruomeni\u0173, kaip ir visos Lietuvos bendruomeni\u0173 dar laukia nelengvi darbai. J\u0173 s\u0117km\u0117 priklausys ir nuo politini\u0173 sprendim\u0173 Seime bei Savivaldyb\u0117s taryboje, nuo teisin\u0117s baz\u0117s, kuri turi sukurti prielaidas efektyviam vietos bendruomeni\u0173 dalyvavimui priimant sprendimus, tame tarpe ai\u0161kiai apibr\u0117\u017eti ir reglamentuoti seni\u016bnai\u010di\u0173 instituto viet\u0105 savivaldos sistemoje, vietos veiklos grupi\u0173 (VVG) k\u016brim\u0105, pagaliau daugiau teisi\u0173 suteikiant vietos bendruomeni\u0173 organizacijoms. Tai b\u016bt\u0173 prielaidos geidaujamai pilie\u010di\u0173 kontrolei atsirasti.<br \/>\nSu tokiomis mintimis apsisprend\u017eiau kandidatuoti \u012f Vilniaus miesto taryb\u0105 su Lietuvos valstie\u010di\u0173 ir \u017eali\u0173j\u0173 s\u0105jungos komanda.<\/p>\n<\/div>\n<p><img loading=\"lazy\" decoding=\"async\" src=\"http:\/\/t.delfi.lt\/_a?a=67124898\" alt=\"\" width=\"2\" height=\"1\" border=\"0\" \/><\/p>\n<p>Nuoroda \u012f straipsn\u012f &#8211;\u00a0<a href=\"http:\/\/www.delfi.lt\/news\/ringas\/politics\/t-bakucionis-vietos-bendruomene-kertinis-vietos-savivaldos-akmuo.d?id=67124898\">http:\/\/www.delfi.lt\/news\/ringas\/politics\/t-bakucionis-vietos-bendruomene-kertinis-vietos-savivaldos-akmuo.d?id=67124898#ixzz3RNRyT1zU<\/a><\/p>\n<p>_______________________________________________________________________________<\/p>\n<p><em>* \u00a0<\/em><strong>Donatas Jankauskas: Bendruomeni\u0161kumas ir stipri kaimynyst\u0117 \u2013 kelias i\u0161 socialin\u0117s atskirties<\/strong><\/p>\n<p><a href=\"http:\/\/bendruomeniskumas.mruni.eu\/wp-content\/uploads\/2014\/11\/file53715775_96f4364c.jpg\"><img loading=\"lazy\" decoding=\"async\" class=\"alignnone size-medium wp-image-290\" src=\"http:\/\/bendruomeniskumas.mruni.eu\/wp-content\/uploads\/2014\/11\/file53715775_96f4364c-300x194.jpg\" alt=\"file53715775_96f4364c\" width=\"300\" height=\"194\" srcset=\"https:\/\/bendruomeniskumas.mruni.eu\/wp-content\/uploads\/2014\/11\/file53715775_96f4364c-300x194.jpg 300w, https:\/\/bendruomeniskumas.mruni.eu\/wp-content\/uploads\/2014\/11\/file53715775_96f4364c-624x404.jpg 624w, https:\/\/bendruomeniskumas.mruni.eu\/wp-content\/uploads\/2014\/11\/file53715775_96f4364c.jpg 900w\" sizes=\"auto, (max-width: 300px) 100vw, 300px\" \/><\/a><\/p>\n<\/article>\n<article id=\"post-80\">\n<p style=\"text-align: justify;\">Pastaruoju metu vie\u0161oje erdv\u0117je apstu skai\u010di\u0173 ir nerimo d\u0117l did\u0117jan\u010dios socialin\u0117s atskirties, socialin\u0117s nelygyb\u0117s, kai santykinai ma\u017eos gyventoj\u0173 dalies rankose sukaupta daugiausia turto, o pagal pajam\u0173 skirtum\u0105 tarp did\u017eiausias ir ma\u017eiausias pajamas gaunan\u010di\u0173 pilie\u010di\u0173 Lietuva neabejotinai yra tarp \u201elyderi\u0173\u201c Europos S\u0105jungoje (ES).<\/p>\n<p style=\"text-align: justify;\">Savivaldos rinkim\u0173 kampanijos fone daugelis politik\u0173, visuomen\u0117s veik\u0117j\u0173, nepriklausan\u010di\u0173 partijoms, bet dalyvaujan\u010di\u0173 rinkimuose, taip pat nevengia \u0161ios temos, b\u016btinai nepamir\u0161dami apkaltinti d\u0117l tokios situacijos politinius oponentus ar partijas.<\/p>\n<p style=\"text-align: justify;\">Problema didel\u0117 ir svarbi, to nepaneigsi. Bet diskutuojant d\u0117l savivaldos reikal\u0173 neverta pamir\u0161ti ir kit\u0173 dalyk\u0173, nuo kuri\u0173 nema\u017eiau priklauso socialinio teisingumo perspektyva valstyb\u0117je. Tarp to, kiek pilie\u010diai yra \u012ftraukiami \u012f vie\u0161\u0173j\u0173 reikal\u0173 sprendim\u0105, kiek jie gali jaustis turintys ne tik pareigas prie\u0161 vietin\u0119 vald\u017ei\u0105 seni\u016bnijoje ar savivaldyb\u0117je, bet ir savo realias teises ir to, kiek socialiai teisingai yra orientuoti vald\u017eios sprendimai, esu \u012fsitikin\u0119s, yra tiesiogin\u0117 priklausomyb\u0117.<\/p>\n<p style=\"text-align: justify;\">Vietos savivaldos sistemai per 25-erius atkurtos nepriklausomos valstyb\u0117s metus, gravituojant iki \u0161iandienin\u0117s situacijos, sp\u0117jome i\u0161siskirti analogo, pagal mast\u0105, ES neturin\u010diu procesu.<\/p>\n<p style=\"text-align: justify;\">Lietuvoje per pastaruosius keliolika met\u0173 aktyviai k\u016br\u0117si ir tebesikuria bendruomenin\u0117s organizacijos, vietos bendruomeni\u0173 centrai ir asociacijos. Kol vietoje realios vietos gyventoj\u0173 savivaldos daugelyje savivaldybi\u0173 vyrauja tai, kas neretai pavadinama \u201evietvalda\u201c, aktyvesni, visuomeni\u0161ki \u017emon\u0117s vietos bendruomen\u0117se buriasi \u012f bendruomenines organizacijas, kur gali kartu su bendramin\u010diais \u012fgyvendinti daugyb\u0119 puiki\u0173 pilietini\u0173 iniciatyv\u0173.<\/p>\n<p style=\"text-align: justify;\">Jau daugiau nei de\u0161imtmet\u012f pl\u0117toja savo veikl\u0105 Lietuvos kaimo bendruomeni\u0173 s\u0105junga, vienijanti vir\u0161 1500 bendruomeni\u0173 centr\u0173, pernai pavasar\u012f sukvietusi visus \u012f pirm\u0105j\u012f Kaimo parlament\u0105. Vilniuje, Kaune ir \u0160iauliuose bendruomenin\u0117s organizacijos \u012fk\u016br\u0119 savo asociacijas, o 2010 m. visos min\u0117tos asociacijos, s\u0105jungos susijung\u0117 \u012f vien\u0105 did\u017eiul\u0119 nacionalin\u0119 sk\u0117tin\u0119 organizacij\u0105 \u2013 Lietuvos vietos bendruomeni\u0173 organizacij\u0173 s\u0105jung\u0105 (LVBOS).<\/p>\n<p style=\"text-align: justify;\">LVBOS pirmoji prad\u0117jo koordinuoti pra\u0117jusi\u0173 met\u0173 pabaigoje \u012fsik\u016brusios Nacionalin\u0117s nevyriausybini\u0173 organizacij\u0173 koalicijos veikl\u0105 ir vadovauti jai pagal koalicijos \u012fk\u016brimo sutartyje numatyt\u0105 rotacijos princip\u0105. Dirbant penkioliktoje Vyriausyb\u0117je 2010 m. buvo pasira\u0161yta bendradarbiavimo sutartis tarp LVBOS ir Socialin\u0117s apsaugos ir darbo ministerijos (SADM).<\/p>\n<p style=\"text-align: justify;\">Min\u0117ta sutartis nebuvo tik ger\u0173 nor\u0173 bendradarbiauti deklaracija. Po jos pasira\u0161ymo sek\u0117 net keli projektai, suteikiantys nauj\u0173 galimybi\u0173 dalyvauti vie\u0161ajame gyvenime vietos bendruomen\u0117ms. I\u0161 toki\u0173 pamin\u0117siu du, kurie t\u0119siami ir dabar, nors vangokai.<\/p>\n<p style=\"text-align: justify;\">Pirma, dar 2011 m. Lietuvos savivaldyb\u0117ms SADM ministerija pasi\u016bl\u0117 dalyvauti eksperimente, kai pinigin\u0117 socialin\u0117 parama, papras\u010diau tariant, pa\u0161alp\u0173 skyrimas nepasiturintiems gyventojams, b\u016bt\u0173 teikiamas ne i\u0161 Valstyb\u0117s biud\u017eeto, pagal savivaldyb\u0117s pateiktus pilie\u010di\u0173 dokumentus, o tiesiogiai dalyvaujant sprendim\u0173 pri\u0117mime bendruomenei (kaimynams) ar j\u0173 atstovams ir l\u0117\u0161as tokiai paramai perduodant savaranki\u0161kam savivaldyb\u0117s biud\u017eetui.<\/p>\n<p style=\"text-align: justify;\">Seni\u016bnijos kartu su vietos bendruomene, tai buvo b\u016btina s\u0105lyga, sprend\u0117 ne tik kam skirti pa\u0161alpas ar pasi\u016blyti padirb\u0117ti visuomenei naudingoje veikloje, bet ir kam, kaip panaudoti nei\u0161leistas pa\u0161alpoms bei kompensacijoms u\u017e \u0161ildym\u0105 l\u0117\u0161as, kurios, kaip parod\u0117 eksperimentas, sudar\u0117 ne vien\u0105 milijon\u0173 lit\u0173.<\/p>\n<p style=\"text-align: justify;\">Pirmaisiais metais penkios pilotin\u0117s savivaldyb\u0117s (\u0160ilal\u0117s, Radvili\u0161kio, Raseini\u0173, Akmen\u0117s ir Panev\u0117\u017eio rajono) kartu su vietos bendruomen\u0117mis \u012frod\u0117, kad tikslingiau ir taikliau naudojant socialinei paramai skirtas l\u0117\u0161as, \u201esutaupyti\u201c, t.y. panaudoti kitoms visuomenin\u0117ms reikm\u0117ms, galima net 30 proc. asignavim\u0173.<\/p>\n<p style=\"text-align: justify;\">Dabar, jau XVI vyriausyb\u0117s ir \u0161ios kadencijos Seimo priimtais sprendimais, pinigin\u0117s socialin\u0117s paramos teikimas kaip savaranki\u0161ka funkcija perduota visoms 60 savivaldybi\u0173. Deja, vietos bendruomen\u0117s dalyvavimas \u0161iame procese liko tik kaip galimyb\u0117, priklausanti nuo savivaldyb\u0117s vadov\u0173 valios, tod\u0117l daugeliu atvej\u0173 bendruomen\u0117 pasitelkiama tik tiek, kiek tai padeda sutaupyti socialinei paramai numatyt\u0173 l\u0117\u0161\u0173, v\u0117liau visi\u0161kai ignoruojant bendruomen\u0119, kai priimami sprendimai d\u0117l \u201elaisv\u0173\u201c l\u0117\u0161\u0173 panaudojimo. Kiek kandidat\u0173 \u012f merus \u0161iandien ry\u017et\u0173si garantuoti vietos bendruomen\u0117ms toki\u0105 galimyb\u0119,b\u016bti lygiaver\u010diu partneriu priimant sprendimus, nuo kuri\u0173 priklauso ir socialinis teisingumas?<\/p>\n<p style=\"text-align: justify;\">Antra, tais pa\u010diais 2011 m. buvo parengta ir savivaldyb\u0117ms pasi\u016blyta galimyb\u0117 dalyvauti Vietos bendruomeni\u0173 savivaldos programoje, finansuojamoje i\u0161 valstyb\u0117s biud\u017eeto. Visos 60 savivaldybi\u0173 apsisprend\u0117 dalyvauti ir ministro \u012fsakymais patvirtinus visas proced\u016bras, pasira\u0161ius sutartis nuo 2012 m. prad\u017eios programa startavo. Pirmaisiais metais valstyb\u0117s biud\u017eete tam skirti 8 mln. Lt ( \u0161altinis \u2013 nepasinaudota mokes\u010di\u0173 mok\u0117toj\u0173 galimyb\u0117 savo nuo\u017ei\u016bra skirti 2 proc. GPM).<\/p>\n<p style=\"text-align: justify;\">Programos tikslas \u2013 Vietos bendruomeni\u0173 taryba (VBT), sudaryta i\u0161 seni\u016bnai\u010di\u0173 bei vietos bendruomeni\u0173 centr\u0173 atstov\u0173 savivaldyb\u0117s tarybos nustatyta tvarka, skaidriai ir vie\u0161ai priima sprendimus, kam panaudoti programai skirtas l\u0117\u0161as, o sprendim\u0105 vykdo seni\u016bnijos ir savivaldyb\u0117s administracija. Visos savivaldyb\u0117s prad\u0117damos dalyvavim\u0105 programoje sutartimi \u012fsipareigojo d\u0117l:<\/p>\n<p style=\"text-align: justify;\">1. skaidraus ir vie\u0161o VBT sudarymo;<\/p>\n<p style=\"text-align: justify;\">2. ai\u0161kaus ir vie\u0161ai skelbiamo programos l\u0117\u0161\u0173 paskirstymo tarp seni\u016bnij\u0173 ar kitaip apibr\u0117\u017et\u0173 savivaldyb\u0117s dali\u0173 (ne visose savivaldyb\u0117se seni\u016bnijos \u012fsteigtos);<\/p>\n<p style=\"text-align: justify;\">3. vie\u0161\u0173 skelbim\u0173 internete ir kitose \u017einiasklaidos priemon\u0117se apie \u012fgyvendintus VBT sprendimus.<\/p>\n<p style=\"text-align: justify;\">Vis\u0173 savivaldybi\u0173, visose 550 seni\u016bnij\u0173 bei j\u0173 teritorijose, kur n\u0117ra seni\u016bnij\u0173, buvo sudarytos VBT. 2012 metams baigiantis ministerija organizavo programos pirm\u0173j\u0173 met\u0173 patir\u010di\u0173 ir pamok\u0173 aptarim\u0105. Vienareik\u0161mi\u0161kai konstatuota \u2013 programa pasiteisina ir jau \u0161ios kadencijos vald\u017eia treti metai t\u0119sia \u0161i\u0105 program\u0105.<\/p>\n<p style=\"text-align: justify;\">Ta\u010diau i\u0161skir\u010diau kelet\u0105 problemini\u0173 dalyk\u0173:<\/p>\n<p style=\"text-align: justify;\">1. Nepakankamas vie\u0161umas \u2013 dalis savivaldybi\u0173 vietoje skaidri\u0173 ir vie\u0161\u0173 sprendim\u0173 nueina lengvesniu keliu, tik formaliai vykdo reikalavimus d\u0117l VBT sudarymo ar sprendim\u0173 pri\u0117mimo ir j\u0173 \u012fgyvendinimo. Tai demotyvuoja vietos bendruomenes, didina atotr\u016bk\u012f tarp vietos vald\u017eios ir gyventoj\u0173.<\/p>\n<p style=\"text-align: justify;\">2. Programai pasiteisinus buvo numatyta \u017eenkliai didinti l\u0117\u0161as. Programos pasiteisinimas pripa\u017eintas, ta\u010diau l\u0117\u0161os beveik nekinta: 2012, 2013, 2014 m. skirti 8 mln. Lt, 2015 m. numatomi 9 mln. Lt (apie 2,6 mln. Eur).<\/p>\n<p style=\"text-align: justify;\">Pristatyti projektai gim\u0117 daugiau centrin\u0117s vald\u017eios iniciatyva, bendradarbiaujant su bendruomenini\u0173 organizacij\u0173 bei savivaldybi\u0173 asociacijos atstovais. Vertinant organizuotas gyventoj\u0173 bendruomenes, bendruomenini\u0173 organizacij\u0173 galimybes b\u016bti savivaldyb\u0117s partneriu, dalyvaujant pozityvioje veikloje, realioje savivaldoje, akivaizdu, kad Lietuvoje tam dar toli gra\u017eu ne visur sukurtos tam galimyb\u0117s.<\/p>\n<p style=\"text-align: justify;\">Da\u017eniau girdime kaip tai vienur, tai kitur vietos bendruomen\u0117 stoja \u012f gynybin\u012f \u201em\u016b\u0161\u012f\u201c prie\u0161indamasi ir oponuodama vald\u017eios sprendimams. Taigi ar tiesioginiai mer\u0173 rinkimai, vyksiantys pirm\u0105 kart\u0105, ir gyventoj\u0173 i\u0161rinkti merai sugeb\u0117s stiprinti t\u0173 pa\u010di\u0173 gyventoj\u0173, juos i\u0161rinkusi\u0173 \u012f savivald\u0105, ar oponavim\u0105 keis bendradarbiavimas? Grei\u010diau atsakys tik laikas.<\/p>\n<p style=\"text-align: justify;\">Donatas Jankauskas\u00a0yra Seimo TS-LKD frakcijos narys, Bendruomeni\u0173 ir pilietin\u0117s visuomen\u0117s parlamentin\u0117s grup\u0117s pirmininkas, \u0161e\u0161\u0117lin\u0117s vyriausyb\u0117s bendruomeni\u0173 reikal\u0173 ministras<\/p>\n<p style=\"text-align: justify;\">Nuoroda \u012f straipsn\u012f &#8211;\u00a0<a href=\"http:\/\/www.15min.lt\/naujiena\/ziniosgyvai\/nuomones\/donatas-jankauskas-bendruomeniskumas-ir-stipri-kaimynyste-kelias-is-socialines-atskirties-18-482619\">http:\/\/www.15min.lt\/naujiena\/ziniosgyvai\/nuomones\/donatas-jankauskas-bendruomeniskumas-ir-stipri-kaimynyste-kelias-is-socialines-atskirties-18-482619<\/a><\/p>\n<p style=\"text-align: justify;\">________________________________________________________________________________<\/p>\n<ul>\n<li><span style=\"font-size: 1.5rem; line-height: 1.5;\">Savanori\u0161kos veiklos jaunoji karta imsis tuomet, kai tokios kult\u016bros pavyzd\u017eiai bus gyvi \u0161eimoje ir mokykloje<\/span><\/li>\n<\/ul>\n<h1><em><a href=\"http:\/\/bendruomeniskumas.mruni.eu\/wp-content\/uploads\/2014\/11\/2220141207222114.jpg\"><img loading=\"lazy\" decoding=\"async\" class=\"alignnone size-full wp-image-188\" src=\"http:\/\/bendruomeniskumas.mruni.eu\/wp-content\/uploads\/2014\/11\/2220141207222114.jpg\" alt=\"2220141207222114\" width=\"217\" height=\"162\" \/><\/a><\/em><\/h1>\n<p style=\"text-align: justify;\">Art\u0117jant gruod\u017eio prad\u017eioje jau tre\u010di\u0105 de\u0161imtmet\u012f visame pasaulyje minimai Savanoryst\u0117s dienai, Seime diskutuota, kaip savanoryst\u0117s kult\u016brai pad\u0117ti \u012fsitvirtinti Lietuvos mokyklose. Tokiai diskusijai visuomenininkus ir valstybini\u0173 organizacij\u0173 atstovus pakviet\u0119s Seimo narys Liutauras Kazlavickas akcentavo, kad savanoryst\u0117s sklaida nuo mokyklinio am\u017eiaus pad\u0117t\u0173 i\u0161spr\u0119sti nema\u017eai sociokult\u016brini\u0173 ir net ekonomini\u0173 problem\u0173, nes savanoryst\u0117s tradicijos i\u0161 esm\u0117s gal\u0117t\u0173 pakeisti \u0161iuo metu \u012fsitvirtinus\u012f gana atsain\u0173 po\u017ei\u016br\u012f \u012f savo artimiausi\u0105 aplink\u0105 ir santyk\u012f su valstybe.<br \/>\n,,\u0160iandien visuomen\u0117je tr\u016bksta tarpusavio pasitik\u0117jimo, r\u016bpinimosi vienas kitu ir paprasto noro pagelb\u0117ti neatlygintinai. Visa tai galiausiai atsiliepia did\u0117jan\u010diu susvetim\u0117jimu, abejingumu \u0161alia esan\u010di\u0173j\u0173 problemoms, bendr\u0173 tiksl\u0173 bei telkian\u010di\u0173 ir bendr\u0105 g\u0117r\u012f kurian\u010di\u0173 iniciatyv\u0173 tr\u016bkumu. Tad jeigu norime gyventi kitaip, privalome keistis ir patys. Savanoryst\u0117 yra geras ir kit\u0173 valstybi\u0173 jau patikrintas receptas, kaip pad\u0117ti augti atsakingesnei ir jautresnei jaunajai kartai\u201d, \u2013 mintimis dalijosi Seimo narys Liutauras Kazlavickas.<br \/>\nPasak parlamentaro, savanori\u0161ka veikla ne tik padeda ugdyti \u012fvairias kompetencijas, bet ir tiesiogiai prisideda prie bendruomen\u0117s tarpusavio pasitik\u0117jimo stiprinimo. ,,Labai svarbu formuoti supratim\u0105, kad ne visada u\u017e tai, k\u0105 darai, turi bei gali tik\u0117tis atlygio. Tuo pa\u010diu turi atsirasti ir tik\u0117jimas, kad atsid\u016brus sunkioje situacijoje gal\u0117si sulaukti pagalbos. Tokia \u012f bendr\u0105j\u012f g\u0117r\u012f nukreipta nuo\u0161irdi ir neatlygintina iniciatyva ne tik stiprina visuomen\u0117s nari\u0173 tarpusavio saitus, bet ir \u012fgalina bendruomen\u0117s narius spr\u0119sti problemas, kuri\u0173 pavieniui \u012fveikti nepaj\u0117gtume\u201d, \u2013 \u012fsitikin\u0119s L.Kazlavickas.<br \/>\nDiskusijoje gana daug kalb\u0117tasi apie tai, kaip bendrojo lavinimo mokyklas paskatinti daugiau d\u0117mesio skirti savanoryst\u0117s pa\u017einimui ir pa\u010diai savanori\u0161kai veiklai, nes elgsenos pavyzd\u017eiai ir paskatos \u0161eimoje bei mokykloje yra labai svarb\u016bs kuriantis jauno \u017emogaus pasaul\u0117\u017ei\u016brai ir asmeniniam santykiui su aplinka, visuomene.<br \/>\nMoksleivi\u0173 s\u0105jungos atstov\u0117 Milda Kurait\u0117 \u012fsitikinusi, jog pirmiausia svarbu tinkamai supa\u017eindinti moksleivius su savanoryste, atskleid\u017eiant kiek daug galimybi\u0173 ir patir\u010di\u0173 tokia veikla gali suteikti: ,,\u0160iuo metu savanoryst\u0117s rei\u0161kinys da\u017enai suprantantamas ribotai, kaip seneli\u0173 globos nam\u0173 lankymas ar savanoriavimas renginiuose su galimybe steb\u0117ti juos nemokamai. Jokiu b\u016bdu, nesakau, kad tokia veikla n\u0117ra naudinga, ta\u010diau yra daug organizacij\u0173 ir projekt\u0173 i\u0161 \u012fvairiausi\u0173 sri\u010di\u0173, apie kuriuos da\u017enai \u017eino tik ma\u017ea dalis asmen\u0173\u201c, \u2013 teig\u0117 diskusijos dalyv\u0117.<br \/>\nNors apie savanoryst\u0117s svarb\u0105 kalbama jau ger\u0105 de\u0161imtmet\u012f, konkre\u010di\u0173 veiksm\u0173, kaip \u012f savanori\u0161k\u0105 veikl\u0105 \u012ftraukti skirting\u0173 am\u017eiaus grupi\u0173 \u017emones, stinga iki \u0161iol. Ai\u0161kios vietos savanoryst\u0117s veikla dar n\u0117ra radusi ir po bendrojo lavinimo mokykl\u0173 stogu: \u0161iuo metu bendruose pagrindinio ir vidurinio ugdymo program\u0173 planuose ji n\u0117ra numatyta ar kaip nors pla\u010diau aptariama, nors ir nurodoma, kad mokykloms yra privalomos ne ma\u017eiau nei penkios socialin\u0117s veiklos pamokos, skirtos mokinio pasirinktai ar mokyklos rekomenduojamai praktinei veiklai.<br \/>\nDiskusijoje aptarta daug svarbi\u0173 veiksni\u0173, kurie pad\u0117t\u0173 savanorystei aktyviau prigyti mokyklose: tai ir mokytoj\u0173 vertybinis pasirengimas bei motyvacija, ir mokyklos aktyvumas bendradarbiaujant su stipriausiomis NVO, ir apskritai mokyklos bendruomen\u0117s pasiry\u017eimas nuolatos augti, keistis ir tobul\u0117ti. ,,Tik labai motyvuota ir atvira poky\u010diams, gyvenimi\u0161koms pamokoms bendruomen\u0117 gali geb\u0117ti kurti savas savanoryst\u0117s tradicijas, kylan\u010dias i\u0161 asmeninio savanori\u0161kos veiklos supratimo, o ne i\u0161 b\u016btinyb\u0117s daryti taip, nes ka\u017ekuriame dokumente liepiama. Ta\u010diau siekdami tokio nuo\u0161irdaus ir atviro mokykl\u0173 bendruomeni\u0173 veikimo, turime suprasti, kad laukia nema\u017eai nam\u0173 darb\u0173. Ir jie susij\u0119 su bendruomenine ir vertybine mokykl\u0173 kult\u016bra, tikru noru auginti i\u0161kirtin\u0119 ir laiming\u0105 jaun\u0105j\u0105 kart\u0105, kuri geba kurti, dirbti ir dalintis savo veiklos rezultatais. O i\u0161mokti to jaunimas gali tik i\u0161 tinkam\u0173 ir u\u017edegan\u010di\u0173 pavyzd\u017ei\u0173, tad j\u0173 m\u016bs\u0173 mokyklose turi daug\u0117ti\u201d, \u2013 tikina parlamentaras L. Kazlavickas.<br \/>\nDiskusijoje moksleivi\u0173 savanoryst\u0117s klausimus aptar\u0117 ir mintimis dalinosi: Jaunimo reikal\u0173 departamento atstovas Vyd\u016bnas Trapinskas, Ugdymo pl\u0117tot\u0117s centro specialist\u0117 Ginta Orintien\u0117, Skautijos atstovas Tomas Rakovas, mokytojas Vytautas Toleikis, Lietuvos moksleivi\u0173 s\u0105jungos \u0161vietimo politikos koordinator\u0117 Milda Kurait\u0117, Maironie\u010di\u0173 draugijos atstovas Eugenijus Urbonas, Moksleivi\u0173 ateitinink\u0173 s\u0105jungos atstovas Antas Benas Ali\u0161auskas, programos ,,Kurk Lietuvai\u201d dalyviai Arnoldas Pik\u017eirnis ir Mant\u0117 Makauskait\u0117 bei Seimo narys Liutauras Kazlavickas.<\/p>\n<p>Nuoroda \u012f straipsn\u012f &#8211;\u00a0<a href=\"http:\/\/tsajunga.lt\/savanoriskos-veiklos-jaunoji-karta-imsis-tuomet-kai-tokios-kulturos-pavyzdziai-bus-gyvi-seimoje-ir-mokykloje\/\">\u00a0http:\/\/tsajunga.lt\/savanoriskos-veiklos-jaunoji-karta-imsis-tuomet-kai-tokios-kulturos-pavyzdziai-bus-gyvi-seimoje-ir-mokykloje\/<\/a><\/p>\n<p>________________________________________________________________________________<\/p>\n<\/article>\n<article id=\"post-77\">\n<header>\n<ul>\n<li><strong>\u00a0<a title=\"Permalink to Auksin\u0117 kriv\u016bl\u0117\u201c ir pad\u0117ka Pag\u0117gi\u0173 savivaldybei buvo \u012fteikta \u201eU\u017e bendruomeni\u0161kumo skatinim\u0105\u201c. Pag\u0117gi\u0173 savivaldyb\u0117s meras Virginijus Komskis apie bendruomeni\u0161kum\u0105.\" href=\"http:\/\/bendruomeniskumas.mruni.eu\/?p=77\" rel=\"bookmark\">Auksin\u0117 kriv\u016bl\u0117\u201c ir pad\u0117ka Pag\u0117gi\u0173 savivaldybei buvo \u012fteikta \u201eU\u017e bendruomeni\u0161kumo skatinim\u0105\u201c. Pag\u0117gi\u0173 savivaldyb\u0117s meras Virginijus Komskis apie bendruomeni\u0161kum\u0105.<\/a><\/strong><\/li>\n<\/ul>\n<\/header>\n<div>\n<p><a href=\"http:\/\/bendruomeniskumas.mruni.eu\/wp-content\/uploads\/2014\/11\/f.jpg\"><img loading=\"lazy\" decoding=\"async\" src=\"http:\/\/bendruomeniskumas.mruni.eu\/wp-content\/uploads\/2014\/11\/f.jpg\" alt=\"f\" width=\"225\" height=\"300\" \/><\/a><\/p>\n<p>&nbsp;<\/p>\n<p style=\"text-align: justify;\">Bendruomeni\u0161kumas, jo aktyvinimas, skatinimas pasirei\u0161kia visose Savivaldyb\u0117s veiklos srityse: planuojant met\u0173 biud\u017eet\u0105, i\u0161klausomi visi turintys id\u0117j\u0173 sukurti ir padaryti ka\u017ek\u0105 naudingo savo kra\u0161tui. Svarstant vietini\u0173 keli\u0173 tvarkymui skirt\u0173 l\u0117\u0161\u0173 paskirstym\u0105 kvie\u010diami pagrindiniai seni\u016bnij\u0173 keliuk\u0173 naudotojai \u2013 \u016bkininkai. Darni bendryst\u0117 su seni\u016bnijomis, seni\u016bnai\u010diais, nevyriausybin\u0117mis organizacijomis, klubais duoda savo ap\u010diuopiam\u0173 vaisi\u0173: rengiamos puikios kaim\u0173 \u0161vent\u0117s, vykdomi \u012fvair\u016bs projektai erdv\u0117ms gra\u017einti, veiklai vystyti ir paslaugoms teikti bei atliekami \u012fvair\u016bs bendri darbai, kuriems ne visada reikia pinigini\u0173 l\u0117\u0161\u0173, o da\u017enai tik darnaus darbo, geranori\u0161kumo, kaimyni\u0161kumo.<\/p>\n<p style=\"text-align: justify;\">Sutvarkyta gausyb\u0117 kaim\u0173 vie\u0161\u0173j\u0173 erdvi\u0173, pritaikyt\u0173 tiek senjorams pails\u0117ti, tiek jaunimui aktyviai praleisti laisvalaik\u012f. Organizacija \u201eVietos veikos grup\u0117\u201c geranori\u0161kai globoja visas turin\u010dias id\u0117j\u0173 ir noro veikti organizacijas, kaim\u0173 bendruomenes. Savivaldyb\u0117 visada palaiko \u0161ias iniciatyvas ir yra pagrindin\u0117 \u012fvairi\u0173 projekt\u0173 \u012fgyvendinimo r\u0117m\u0117ja (l\u0117\u0161os, technin\u0117s priemon\u0117s, \u017emogi\u0161kieji i\u0161tekliai, bendros talkos ir kt.).<\/p>\n<p style=\"text-align: justify;\">Itin \u0161iltas bendruomeni\u0161kumas pastaraisiais metais neliko nepasteb\u0117tas ir pla\u010diosios m\u016bs\u0173 \u0161alies auditorijos \u2013 LRT filmavimo grup\u0117 nuolat fiksavo \u012fvairius pasiekimus \u012fgyvendinant tiek didesnius europinius, tiek ma\u017eesnius vietin\u0117s reik\u0161m\u0117s projektus. Detaliam susipa\u017einimui su reik\u0161mingais visai bendruomenei \u012fvykiais Pag\u0117gi\u0173 kra\u0161te gali pasitarnauti filmuota med\u017eiaga interneto portale LRT\/Mediateka, laidos \u201eGimtoji \u017eem\u0117\u201c \u012fra\u0161ai.<\/p>\n<p>____________________________________________________________________________<\/p>\n<\/div>\n<\/article>\n<article id=\"post-75\">\n<header>\n<ul>\n<li><strong><a title=\"Permalink to 2014 m. \u0160vietimo ir mokslo ministerijos konkurso \u201e Gra\u017eiausiai tvarkom\u0173 mokykl\u0173 edukacini\u0173 \u017eali\u0173j\u0173 erdvi\u0173\u201c nugal\u0117tojos Butrimoni\u0173 gimnazijos direktorius Valdas Valvonis apie bendruomeni\u0161kum\u0105 Butrimoni\u0173 gimnazijoje.\" href=\"http:\/\/bendruomeniskumas.mruni.eu\/?p=75\" rel=\"bookmark\">2014 m. \u0160vietimo ir mokslo ministerijos konkurso \u201e Gra\u017eiausiai tvarkom\u0173 mokykl\u0173 edukacini\u0173 \u017eali\u0173j\u0173 erdvi\u0173\u201c nugal\u0117tojos Butrimoni\u0173 gimnazijos direktorius Valdas Valvonis apie bendruomeni\u0161kum\u0105 Butrimoni\u0173 gimnazijoje.<\/a><\/strong><\/li>\n<\/ul>\n<\/header>\n<div>\n<p style=\"text-align: justify;\">Kaimi\u0161k\u0173j\u0173 ir ma\u017e\u0173 miesteli\u0173 \u0161vietimo \u012fstaig\u0173 misija \u0161iek tiek skiriasi nuo miesto tipo mokykl\u0173. Kaim\u0173 mokyklos tiesiogiai ir visuomeni\u0161kai dirba mokini\u0173 ir visos bendruomen\u0117s tapatumo, tauti\u0161kumo, bendruomeni\u0161kumo stiprinimo srityse. Vienas i\u0161 Butrimoni\u0173 gimnazijos veiklos u\u017edavini\u0173 \u2013 i\u0161laikyti gimnazijos kult\u016br\u0105, saugi\u0105, sveik\u0105 ir jauki\u0105 aplink\u0105, stiprinti mokini\u0173 dalyvavim\u0105 projektin\u0117je, socialin\u0117je, kult\u016bros, meno ir sporto veiklose.<\/p>\n<p style=\"text-align: justify;\">Gimnazijos vadovai ir mokytojai (gimnazija nuo 2010 met\u0173 rugs\u0117jo, anks\u010diau \u2013 Butrimoni\u0173 vidurin\u0117 mokykla) bendruomen\u0117s k\u016brim\u0105, jos stiprinim\u0105 prad\u0117jo kartu su Atgimimu, Nepriklausomos valstyb\u0117s k\u016brimu. Jau 1999 metais, minint Butrimoni\u0173 miestelio 300-\u0105sias metines, Butrimoni\u0173 vidurin\u0117s mokyklos mokytojai kartu su Butrimoni\u0173 \u0161viesuoliais skatino \u017emones bendrauti, telktis bendriems darbams, susirado \u012f\u017eymius mokykl\u0105 baigusius \u017emones: Vilniaus dail\u0117s akademijos profesori\u0173, dailinink\u0105 Antan\u0105 Kmieliausk\u0105, NVOBT solist\u0119, operos primadon\u0105 Iren\u0105 Milkevi\u010di\u016bt\u0119, akademik\u0105, genetikos moksl\u0173 habilituot\u0105 daktar\u0105 Algird\u0105 Sliesaravi\u010di\u0173, S\u0105j\u016bd\u017eio aktyvist\u0105, kantri dain\u0173 autori\u0173 ir atlik\u0117j\u0105 Vytaut\u0105 Babravi\u010di\u0173 ir kitus. Garbingi j\u0173 vardai, dalyvavimas 300 met\u0173 Butrimoni\u0173 miestelio \u0161vent\u0117je daug prisid\u0117jo prie miestelio Jubiliejaus populiarumo, bendruomeni\u0161kumo.<\/p>\n<p style=\"text-align: justify;\">Jau 2000 metais keleto iniciatyvi\u0173 miestelio \u017emoni\u0173 ir mokyklos vadov\u0173 bei aktyviausi\u0173 mokytoj\u0173 bendru sutarimu nuspr\u0119sta kviesti miestelio ir kaim\u0173 \u017emones kurti miestelio bendruomen\u0119, taip atsirado Nevyriausybin\u0117 organizacija Butrimoni\u0173 bendruomen\u0117 \u201e\u0160viesa\u201c.<\/p>\n<p style=\"text-align: justify;\">Vienas i\u0161 svarbiausi\u0173 bendruomen\u0117s tiksl\u0173 buvo \u012fgyti Butrimoni\u0173 miestelio herb\u0105. Po ilg\u0173 deryb\u0173, kantraus ir sutelkto darbo, pasvarstym\u0173 ir ie\u0161kojim\u0173 Lietuvos Respublikos Prezidentas 2001 m. rugpj\u016b\u010dio 22 d. dekretu Nr.1461 patvirtino Heraldikos komisijos i\u0161vad\u0105: \u201e\u017daliame skydo lauke vaizduojama stilizuota trij\u0173 auksin\u0117s spalvos keli\u0173 sankry\u017ea, kurios centre pavaizduota juoda linija demaskinuota trikamp\u0117 aik\u0161t\u0117\u201c. Jau 2002 m. liepos m\u0117nes\u012f vyko Butrimoni\u0173 miestelio herbo inauguracija. Kaip ir visose veiklose, taip ir \u0161ioje, iniciatyva plauk\u0117 i\u0161 Butrimoni\u0173 gimnazijos mokytoj\u0173, ta\u010diau jai pritar\u0117 ir kra\u0161tie\u010diai, garbingi Butrimoni\u0173 kra\u0161te gim\u0119, aug\u0119, bet i\u0161vyk\u0119 gyventi kitur \u017emon\u0117s.<\/p>\n<p style=\"text-align: justify;\">Butrimoni\u0173 gimnazija bendradarbiauti telkia ne tik vietos \u017emones, \u012fstaigas, bet ir kra\u0161tie\u010dius. Daugiausia j\u0173 susirenka did\u017eiul\u0117se reik\u0161mingose \u0161vent\u0117se: tai Butrimoni\u0173 mokyklos veiklos 145-\u0173j\u0173 met\u0173 metin\u0117s, organizuotos 2008 m., Butrimoni\u0173 miestelio 310 met\u0173 \u0161vent\u0117 2009 metais, Butrimoni\u0173 kra\u0161to \u0161viet\u0117ji\u0161kos veiklos 150-osios metin\u0117s 2013 m. Visose \u0161vent\u0117se did\u017eiausias d\u0117mesys skiriamas \u017emogui, taip atsiranda ir bendruomeni\u0161kumas. Gimnazijos tradicin\u0117se \u0161vent\u0117se nuolat dalyvauja buv\u0119 gimnazijos mokiniai, garbingi sve\u010diai, rajono vadovai.<\/p>\n<p style=\"text-align: justify;\">Butrimoni\u0173 gimnazija mielai bendradarbiauja su Butrimoni\u0173 bendruomene \u201e\u0160viesa\u201c, kuria bendrus projektus, skirtus bendruomen\u0117s sveikatingumui, u\u017eimtumui. 2014 m. vadovaujant VVG \u012frengtas \u201eJaunimo r\u016bsys\u201c, skirtas prasmingam prevenciniam jaunimo u\u017eimtumui. Butrimoni\u0173 bendruomen\u0117s stiprinimui 2001 metais i\u0161 Baltijos Amerikos partneryst\u0117s fondo buvo gauta 10000 Lt. Vieni pirm\u0173j\u0173 rajone organizavome Tarptautin\u0119 pagyvenusi\u0173 \u017emoni\u0173 dien\u0105, kuri\u0105 1990 m. gruod\u017eio 14 d. Jungtini\u0173 taut\u0173 organizacijos Generalin\u0117 asambl\u0117ja paskelb\u0117 spalio 1-\u0105j\u0105.<\/p>\n<p style=\"text-align: justify;\">Kelias \u012f \u017emoni\u0173 \u0161irdis labai paprastas ir tiesus. Mokiniai vykdo socialin\u0119 veikl\u0105. Jau tapo tradicija dalyvauti Maltos ordino veikloje: kiekvienais metais prie\u0161 \u0161v. Kal\u0117das mokiniai su mokytojais aplanko garbaus am\u017eiaus seni\u016bnijos gyventojus, pasveikina juos su \u0161vent\u0117mis, padeda atlikti sunkius darbus. Taip atsiranda tarpusavio supratimas ir bendravimas.<\/p>\n<p style=\"text-align: justify;\">Gimnazijos direktoriaus iniciatyva Lietuvos valstybin\u0117s \u0161vent\u0117s organizuojamos i\u0161kilmingai, \u012ftraukiant vis\u0105 bendruomen\u0119. 2013 metais minint Lietuvos Valstyb\u0117s atk\u016brimo dienos 95-\u0105sias metines dalyvavome Prezident\u0117s Dalios Grybauskait\u0117s paskelbtoje akcijoje \u201eVasario 16-\u0105j\u0105 \u0161v\u0119sk \u012fdomiai\u201c. Pristat\u0119 ir \u012fgyvendin\u0119 savo gimnazijos \u0161vent\u0117s id\u0117j\u0105 \u2013 akcij\u0105 \u201e95 \u017eod\u017eiai Lietuvai. I\u0161 \u0161irdies \u012f \u0161ird\u012f\u201c (jos metu surinkome po 1 Butrimoni\u0173 seni\u016bnijos gyventojo (i\u0161 viso 95), gimusio nuo 1918 iki 2013 m. vasario m\u0117n. 16 d. link\u0117jim\u0105 Lietuvai ir savo kra\u0161tui (\u017eod\u012f, sakin\u012f, delno \u012fspaud\u0105, pie\u0161inuk\u0105 ir pan.), i\u0161 gaut\u0173 link\u0117jim\u0173 buvo sukonstruota \u0161vie\u010dianti \u0161irdis; taip pat parengtas mokini\u0173 k\u016brybinis darbas \u201eJ\u016bs visi Lietuvai esate brang\u016bs\u201c), buvome pakviesti \u012f Lietuvos Respublikos prezident\u016br\u0105 ir i\u0161 Prezident\u0117s rank\u0173 gavome Trispalv\u0119. Tokios dovanos stiprina ir \u012fpareigoja.<\/p>\n<p style=\"text-align: justify;\">Jau tapo tradicija Lietuvos valstybines \u0161ventes \u0161v\u0119sti \u012fdomiai, tad 2014 metais Vasario 16 \u2013 osios proga organizavome akcij\u0105 \u2013 \u201e96 lau\u017eai Lietuvai\u201c. \u0160vent\u0117 prasid\u0117jo 7 val. ryto, kol dar tamsu, susirinko daug \u017emoni\u0173, u\u017esipliesk\u0119 ma\u017ei lau\u017eeliai ir netik\u0117tas Valstybin\u0117s v\u0117liavos nusileidimas nuo gimnazijos stogo nepaliko abejing\u0173. Po \u0161ios ceremonijos \u0161vent\u0119 t\u0119s\u0117me gimnazijoje. Mes d\u017eiaugiam\u0117s, kad patrauklus, \u012ftaigus valstybini\u0173 \u0161ven\u010di\u0173 min\u0117jimas nepalieka abejing\u0173 \u017emoni\u0173, jie telkiasi ir jau\u010dia vienas kit\u0105, savo istorij\u0105 ir tampa artimesni. Kartu su Butrimoni\u0173 bendruomene \u201e\u0160viesa\u201c gimnazija \u012fgyvendina ir nema\u017eai sveikatingumo projekt\u0173, kuri\u0173 metu organizuojama sportini\u0173 u\u017esi\u0117mim\u0173 visiems norintiems \u2013 nuo dar\u017eelinuk\u0173 iki senjor\u0173.<\/p>\n<p style=\"text-align: justify;\">Did\u017eiul\u012f bendruomen\u0117s stiprinimo darb\u0105 atlieka ir klasi\u0173 vadovai, telkdami mokini\u0173 t\u0117vus bendrai veiklai, kviesdami prisid\u0117ti prie \u0161ven\u010di\u0173 organizavimo ir dalyvavimo jose. Tai tradicinis ilgus metus t\u0119siamas projektas \u201eAtvira mokykla\u201c, daugiau kaip 10 met\u0173 pradini\u0173 klasi\u0173 mokiniai ir j\u0173 t\u0117vai renkasi \u012f sportin\u012f rytmet\u012f \u201eMes kartu\u201c ir kt.<\/p>\n<p style=\"text-align: justify;\">Butrimoni\u0173 gimnazijos vadovai ir mokytojai n\u0117ra labai patenkinti bendruomeni\u0161kum\u0105 skatinan\u010dia veikla, bet tai yra procesas, kasdienin\u0117 veikla. Dirbdami, veikdami mes stipr\u0117jame, siekiame i\u0161laikyti gimnazij\u0105 kaip auk\u0161tos kult\u016bros institucij\u0105 savo regione, suteikdami \u017emon\u0117ms pasitik\u0117jimo, pasidid\u017eiavimo ir bendruomeni\u0161kumo jausm\u0105.<\/p>\n<p style=\"text-align: justify;\">Bendruomeni\u0161kumui stiprinti dar turime ne\u012fgyvendint\u0173\u00a0 id\u0117j\u0173, min\u010di\u0173 apie Butrimoni\u0173 kra\u0161to diaspor\u0105. Tokias mintis diktuoja kra\u0161tie\u010di\u0173 emigracija. Svarstome galimybes\u00a0 u\u017emegzti glaudesniu ry\u0161ius\u00a0 su emigravusiais kra\u0161tie\u010diais, palaikyti glaudesnius ry\u0161ius ir stiprinti tapatumo jausmus ir bendruomeni\u0161kum\u0105.<\/p>\n<p style=\"text-align: justify;\">Pasak\u00a0<i>Kristinos Gecevi\u010di\u016bt\u0117s,<\/i>\u00a0dabar VU Komunikacijos fakulteto student\u0117s,<i>\u00a0<\/i>Butrimoni\u0173 gimnazijoje, kurioje mokiausi, itin stipriai veik\u0117 ir iki dabar veikia tiek edukacin\u0117, tiek teritorin\u0117 bendruomen\u0117s. Mano mokykloje dirbantys mokytojai labai aktyv\u016bs edukacin\u0119s bendruomen\u0117s nariai. Dalyvaudami \u012fvairiose konferencijose, organizuojamuose renginiuose, konkursuose, mokytojai ne tik prisideda prie bendruomeni\u0161kumo skatinimo, bet kartu stiprina moksleivi\u0173 ugdym\u0105 bei ugdym\u0105si. Auk\u0161\u010diausia gimnazijos savivaldos institucija \u2013 Mokyklos Taryba, kuri\u0105 sudaro mokytojai, mokiniai bei j\u0173 t\u0117vai. \u0160i bendruomen\u0117 vieningai sprend\u017eia svarbiausius ir aktualiausius gimnazijai klausimus bei priima tinkamiausi\u0105 sprendim\u0105. Mokyklos Taryb\u0105 vienija bendras tikslas \u2013 mokyklos gerov\u0117. Mokyklos Tarybos nariai skatina kuo artimesn\u012f mokyklos bendravim\u0105 ir bendradarbiavim\u0105 su mokini\u0173 t\u0117veliais ar j\u0173 glob\u0117jais, kuris labai svarbus tikslingam vaiko ugdymuisi.<i><\/i><\/p>\n<p style=\"text-align: justify;\">\u0160alia edukacin\u0117s bendruomen\u0117s aktyviai veikia ir teritorin\u0117 bendruomen\u0117, kuri\u0105 vienija bendros tradicijos ir papro\u010diai. Gimnazijoje veikianti Mokini\u0173 Taryba buvo aktyvi teritorin\u0117s bendruomen\u0117s dalis ne tik prie\u0161 penkerius metus, ta\u010diau ir \u0161iandien s\u0117kmingai t\u0119sia savo veikl\u0105. Mokini\u0173 Taryba stengiasi \u012f savo bendruomen\u0119 suburti kuo daugiau mokini\u0173, skatindama juos dalintis id\u0117jomis, norais bei i\u0161sakyti mokykloje pastebimas problemas. Mokini\u0173 Taryba organizuoja \u012fvairius prevencinius renginius prie\u0161 paty\u010dias, smurt\u0105, psichotropini\u0173 med\u017eiag\u0173 vartojim\u0105. Pagalba seneliams j\u0173 namuose arba mokykloje organizuojamos popiet\u0117s su mokini\u0173 seneliais \u2013 gra\u017ei gimnazijos puosel\u0117jama tradicija.<\/p>\n<p style=\"text-align: justify;\">Butrimoni\u0173 gimnazija \u017eavi sugeb\u0117jimu i\u0161ugdyti pilieti\u0161kus, vertybes puosel\u0117jan\u010dius mokinius. Mokykloje vyksta daugyb\u0117 rengini\u0173, kurie skatina b\u016bti kartu, bendrauti ir bendradarbiauti. Tvirtas ry\u0161ys, jungiantis mokytojus, mokinius bei mokini\u0173 t\u0117vus, stiprina bendruomeni\u0161kumo jausm\u0105 ir gerina aplink\u0105, kurioje gyvename.<\/p>\n<\/div>\n<\/article>\n<article id=\"post-38\">\n<header>\n<ul>\n<li style=\"text-align: justify;\"><a title=\"Permalink to Donatas Jankauskas\" href=\"http:\/\/bendruomeniskumas.mruni.eu\/?p=38\" rel=\"bookmark\">Donatas Jankauskas<\/a><\/li>\n<\/ul>\n<\/header>\n<div>\n<p>_______________________________________________________________________<\/p>\n<p><a href=\"http:\/\/bendruomeniskumas.mruni.eu\/wp-content\/uploads\/2014\/10\/file53715775_96f4364c.jpg\"><img loading=\"lazy\" decoding=\"async\" src=\"http:\/\/bendruomeniskumas.mruni.eu\/wp-content\/uploads\/2014\/10\/file53715775_96f4364c.jpg\" alt=\"file53715775_96f4364c\" width=\"630\" height=\"408\" \/><\/a><\/p>\n<p>Donatas Jankauskas, Seimo TS-LKD frakcijos, \u0160e\u0161\u0117lin\u0117s Vyriausyb\u0117s bendruomeni\u0173 reikal\u0173 ministras<\/p>\n<p align=\"right\">\u00a9\u00a0<a href=\"http:\/\/www.delfi.lt\/\" target=\"_blank\">DELFI (V.Kop\u016bsto nuotr.)<\/a><\/p>\n<p style=\"text-align: justify;\"><b>Art\u0117jant 2015 m. biud\u017eeto svarstymui Seime, esmin\u0117s kovos d\u0117l milijon\u0173 ir milijard\u0173 atskiroms sritims, PVM lengvatos\u00a0<\/b><b>\u0161ildymui neprat\u0119simo, valstyb\u0117s investicij\u0173 programos, nei\u0161vengiamai bus aktyvios d\u0117l ai\u0161kaus katalizatoriaus \u2013 kovo 1-j\u0105 vyksian\u010di\u0173 savivaldos rinkim\u0173, pa\u012fvairint\u0173 tiesioginiais mero rinkimais.<\/b><\/p>\n<p style=\"text-align: justify;\">Taigi valdan\u010dioji koalicija, kaip ir prie\u0161 kiekvienus rinkimus, deklaruoja r\u016bpest\u012f paprastu \u017emogumi. Ta\u010diau ar tai eilin\u012f kart\u0105 n\u0117ra tik kalbos?<\/p>\n<p style=\"text-align: justify;\">Visai neseniai vyko Lietuvos savivaldybi\u0173 asociacijos (LSA) ir Seimo socialdemokrat\u0173 frakcijos organizuotas renginys gra\u017eiu pavadinimu, \u201eNuo kalb\u0173 prie darb\u0173: kada matysime didesn\u012f savivaldybi\u0173 finansin\u012f ir ekonomin\u012f savaranki\u0161kum\u0105?\u201c. Jame savivaldybi\u0173 atstovai i\u0161sak\u0117 konkre\u010dius priekai\u0161tus bei pasi\u016blymus diskusijos tema, ta\u010diau neai\u0161ku, ar \u012f juos buvo \u012fsiklausyta, nes i\u0161 valdan\u010diosios daugumos Seimo nari\u0173 l\u016bp\u0173 liejosi tik ugningos kalbos apie r\u016bpest\u012f savivalda ir paprastais \u017emon\u0117mis.<\/p>\n<p style=\"text-align: justify;\">Ta\u010diau vis d\u0117lto pamir\u0161ta, kad netrukus \u012fpus\u0117s Seimo kadencija, ir \u017emon\u0117s i\u0161 vald\u017eios vis dar laukia darb\u0173, o gird\u0117ti tik kalbos.<\/p>\n<p style=\"text-align: justify;\">Kadangi jau prakalbau apie savivaldybes ir biud\u017eeto dalybas, noriu aptarti Valstyb\u0117s mastu galb\u016bt ir ne pat\u012f reik\u0161mingiausi\u0105, bet praktikoje jau patikrint\u0105 ir neabejotinai pasiteisinus\u012f projekt\u0105 \u2013 Socialin\u0117s apsaugos ir darbo ministerijos visose savivaldyb\u0117se finansuojam\u0105 \u201eVietos bendruomeni\u0173 savivaldos\u201c program\u0105, kuri prasid\u0117jo 2012 m. prad\u017eioje.<\/p>\n<p style=\"text-align: justify;\">Visos 60 savivaldybi\u0173 pri\u0117m\u0117 kvietim\u0105, \u012fvykd\u017eiusios nustatytus minimalius \u012fsipareigojimus d\u0117l Vietos bendruomeni\u0173 taryb\u0173 (VBT) sudarymo, skaidrumo bei vie\u0161umo u\u017etikrinimo, pasira\u0161\u0117 su ministerija sutartis ir gavo l\u0117\u0161as, kuriomis finansuojamos veiklos, kurias numato gyventojais kartu su VBT.<\/p>\n<p style=\"text-align: justify;\">Nors \u0161alyje tuo metu buvo gili kriz\u0117, ma\u017einami asignavimai beveik visose srityse, tuometin\u0119 Vyriausyb\u0119 ir net finans\u0173 ministr\u0119 Ingrid\u0105 \u0160imonyt\u0119 pavyko \u012ftikinti \u0161iai programai i\u0161 Valstyb\u0117s biud\u017eeto skirti 8 mln. Lt. Pagrindinis argumentas \u2013 ne visi mokes\u010di\u0173 mok\u0117tojai pasinaudoja galimybe asmeniniu sprendimu skirti 2 proc. gyventoj\u0173 pajam\u0173 mokes\u010dio (GPM), o surinktos l\u0117\u0161os lieka Valstyb\u0117s i\u017ede, kai gal\u0117t\u0173 b\u016bti panaudojamos bendruomeni\u0173 reikm\u0117ms.<\/p>\n<p style=\"text-align: justify;\">Baigiantis 2012 m., pra\u0117jus beveik metams, kartu su savivaldybi\u0173 bei LSA atstovais buvo i\u0161samiai aptartas programos \u012fgyvendinimas, s\u0117kmingi projektai, kuri\u0173 buvo dauguma bei i\u0161kilusios nenumatytos kli\u016btys ar klaidos.<\/p>\n<p style=\"text-align: justify;\">Vieningai buvo sutarta, jog pavyko pasiekti pagrindin\u012f programos tiksl\u0105 \u2013 sprendimus d\u0117l l\u0117\u0161\u0173 priima patys gyventojai, vietos bendruomen\u0117, t.y. VBT, o juos \u012fgyvendina vietos seni\u016bnas ir savivaldyb\u0117s administracija.<\/p>\n<p style=\"text-align: justify;\">Socialin\u0117s apsaugos ministerijai prad\u0117jus vadovauti Algimantai Pabedinskienei buvo pa\u017ead\u0117ta, jog programa bus t\u0119siama ir 2013-2015 m. Toks pa\u017eadas d\u017eiugino.<\/p>\n<p style=\"text-align: justify;\">Atsigaunant ekonomikai ir \u017eod\u017eiu, ir ra\u0161tu kreipiausi \u012f ministr\u0119, ragindamas didinti programos finansavim\u0105 \u2013 dr\u0105siau pasitik\u0117ti vietos bendruomen\u0117mis, pilieti\u0161kais \u017emon\u0117mis, kurie \u012frod\u0117, jog bendruomen\u0117 gali bei sugeba tartis d\u0117l bendr\u0173j\u0173 vie\u0161\u0173j\u0173 reikal\u0173 ir kartu nuspr\u0119sti d\u0117l racionaliausio Valstyb\u0117s l\u0117\u0161\u0173 panaudojimo. Prie\u0161 metus pateikiau ministrei konkre\u010dius mokes\u010di\u0173 inspekcijos duomenis, kuriuose matyti, jog nepaskirstyta 2 proc. GPM metin\u0117 suma siek\u0117 apie 24 mln. Lt, taigi net tris kartus didesn\u0117 nei programai finansuoti skiriami 8 mln. Lt, taigi kalb\u0117ti apie finansavimo didinim\u0105 b\u016bt\u0173 racionalu.<\/p>\n<p style=\"text-align: justify;\">Dabar, art\u0117jant 2015 m. Valstyb\u0117s, savivaldybi\u0173 biud\u017eet\u0173 svarstymui ir \u017einant, kad Vyriausyb\u0117 d\u0117l augan\u010dios ekonomikos gali papildomai skirstyti daugiau kaip milijard\u0105 lit\u0173, taip ir norisi, \u0161\u012fkart jau vie\u0161ai, paraginti ministr\u0119: gerbiama ministre, prad\u0117kime labiau pasitik\u0117ti pilieti\u0161kais \u017emon\u0117mis, suteikite vietos bendruomen\u0117ms didesnes finansines galimybes ger\u0173 darb\u0173 visuomenei atlikimui, pilieti\u0161kumo stiprinimui ir padidinkite bent kelis kartus finansavim\u0105 vietos bendruomeni\u0173 savivaldos programai. Nuo kalb\u0173 prie darb\u0173, Ministre!<\/p>\n<p style=\"text-align: justify;\"><a href=\"http:\/\/www.delfi.lt\/news\/ringas\/politics\/d-jankauskas-ministre-labiau-pasitikekite-pilietiskais-zmonemis-arba-nuo-kalbu-prie-darbu.d?id=66144710#ixzz3Ggxqjy56\">http:\/\/www.delfi.lt\/news\/ringas\/politics\/d-jankauskas-ministre-labiau-pasitikekite-pilietiskais-zmonemis-arba-nuo-kalbu-prie-darbu.d?id=66144710#ixzz3Ggxqjy56<\/a><\/p>\n<\/div>\n<\/article>\n<article id=\"post-36\">\n<header>\n<ul>\n<li style=\"text-align: justify;\"><a title=\"Permalink to Liutauras Kazlavickas\" href=\"http:\/\/bendruomeniskumas.mruni.eu\/?p=36\" rel=\"bookmark\">Liutauras Kazlavickas<\/a><\/li>\n<\/ul>\n<\/header>\n<div>\n<p>_______________________________________________________________________________<\/p>\n<p>&nbsp;<\/p>\n<p><a href=\"http:\/\/bendruomeniskumas.mruni.eu\/wp-content\/uploads\/2014\/10\/Liutauras.jpg\"><img loading=\"lazy\" decoding=\"async\" src=\"http:\/\/bendruomeniskumas.mruni.eu\/wp-content\/uploads\/2014\/10\/Liutauras.jpg\" alt=\"Liutauras\" width=\"641\" height=\"237\" \/><\/a><\/p>\n<p>Seimo narys Liutauras Kazlavickas<\/p>\n<p><strong><em>Glaudus vald\u017eios ir nevyriausybinio sektori\u0173 bendradarbiavimas \u2013 sumanios visuomen\u0117s<\/em>\u00a0pagrindas<\/strong><\/p>\n<p><em>2014\/09\/25<\/em><\/p>\n<p style=\"text-align: justify;\">Lietuvos Respublikos Seime NVO vaikams konfederacijos inicijuotoje konferencijoje \u201eVald\u017eios ir nevyriausybinio sektori\u0173 bendradarbiavimas ir partneryst\u0117\u201c aptarti valstybinio ir nevyriausybinio sektori\u0173 socialin\u0117s partneryst\u0117s trikd\u017eiai, pilietini\u0173 iniciatyv\u0173 finansavimo skirtumai bei normini\u0173 akt\u0173 spragos.<\/p>\n<p style=\"text-align: justify;\">Socialini\u0173 reikal\u0173 ir darbo komitete dirbantis Seimo narys Liutauras Kazlavickas sveikindamas konferencijos dalyvius, kviet\u0117 atkreipti d\u0117mes\u012f, kad sumanios visuomen\u0117s k\u016brimas nei\u0161vengiamai susij\u0119s su vald\u017eios geb\u0117jimu \u012f bendr\u0105 valstyb\u0117s k\u016brim\u0105 \u012ftraukti nevyriausybines organizacijas, kurios \u0161iandien, deja, vis dar stokoja nuo\u0161irdaus valstybinio sektoriaus tarnautoj\u0173 d\u0117mesio bei pasitik\u0117jimo. Tod\u0117l skatino tiek nevyriausybines, tiek valstybines \u012fstaigas bendrai kurti naujas socialines inovacijas.<\/p>\n<p style=\"text-align: justify;\">NVO vaikams konfederacijos valdybos pirminink\u0117 dr. Giedr\u0117 \u017dilinskien\u0117 link\u0117jo, kad nevyriausybin\u0117s organizacijos tapt\u0173 pilnateisiu vie\u0161ojo sektoriaus partneriu bendruose strateginiuose darbuose ir svarbiuose sprendimuose.<\/p>\n<p style=\"text-align: justify;\">Konferencijos metu pristatydami gerosios praktikos pavyzd\u017ei\u0173 studij\u0105 \u201eVie\u0161ojo ir NVO sektori\u0173 bendradarbiavimas vaiko gerov\u0117s srityje\u201d studijos reng\u0117jai kviet\u0117 atkreipti d\u0117mes\u012f, kad kokybi\u0161ka socialin\u0117 partneryst\u0117 gerina ne tik socioekologin\u0119 aplink\u0105 ir \u017emoni\u0173 gyvenimo kokyb\u0119, bet ir pl\u0117toja socialin\u012f kapital\u0105, o pilietini\u0173 organizacij\u0173 dalyvavimas gerina bendruomeni\u0173 gyvenim\u0105 ir skatina inovacijas bei investicijas. Studijoje pastebima, kad NVO ir praktikos patirties pavyzd\u017ei\u0173 analiz\u0117 atskleid\u0117, jog s\u0117kminga socialin\u0117 partneryst\u0117 da\u017eniausiai prasideda asmenine iniciatyva ir motyvacija inovacijoms, o esminis jos variklis \u2013 organizacij\u0173 lyderis \u2013 socialinis verslininkas, kurio siekis \u012ftvirtinti savo vizij\u0105 padeda \u012fveikti bet kok\u012f pasiprie\u0161inim\u0105 bei kei\u010dia ir \u012ftvirtina naujas visuomen\u0117s gerov\u0117s normas. Tad NVO, vie\u0161ojo ir privataus sektori\u0173 socialin\u0117s partneryst\u0117s modeliai praktikoje gali b\u016bti adaptuojami, atsi\u017evelgiant \u012f konkre\u010dios vietov\u0117s ypatumus ir esam\u0173 profesional\u0173 patirt\u012f ir kompetencijas, nusibr\u0117\u017eus socialin\u0117s partneryst\u0117s tikslus, turimus resursus bei kitus esminius parametrus bei atsi\u017evelgiant \u012f s\u0117kmingos socialin\u0117s partneryst\u0117s modeliavimo patirtis, susijusias su geb\u0117jim\u0173 stiprinimu, parama pl\u0117trai, konsorcium\u0173 ind\u0117liu, finansais ir i\u0161tekliais, laiko vadyba, laim\u0117jimais, partneryst\u0117s kult\u016bra, rizikos valdymu.<\/p>\n<p style=\"text-align: justify;\">Konferencijos metu prane\u0161\u0117jai taip pat nagrin\u0117jo sumaniosios socializacijos i\u0161\u0161\u016bkius NVO sektoriui, pristat\u0117 integruotos regiono pl\u0117tros modeliavimo perspektyvas bei \u00a0aptar\u0117 NVO norminius dokumentus ir naujus i\u0161\u0161\u016bkius partnerystei. Projekto metu parengtos teisin\u0117s baz\u0117s bei normini\u0173 akt\u0173 tobulinimo rekomendacijos \u012fteiktos Socialin\u0117s apsaugos ministerijos Vaik\u0173 skyriaus ved\u0117jai R\u016btai Pabedinskienei.<\/p>\n<p style=\"text-align: justify;\">Elektronin\u0119 sudijos versij\u0105 galite rasti adresu:<\/p>\n<p style=\"text-align: justify;\"><a href=\"http:\/\/data.axmag.com\/data\/201409\/20140916\/U125389_F301976\/HTML5\/index.html\">http:\/\/data.axmag.com\/data\/201409\/20140916\/U125389_F301976\/HTML5\/index.html<\/a><\/p>\n<\/div>\n<\/article>\n","protected":false},"excerpt":{"rendered":"<p>Saulius Nefas: Vietos bendruomeni\u0173 metai: ar pasieksime nauj\u0105 kokyb\u0119? 2016 m. LR Seimas paskelb\u0117 vietos bendruomeni\u0173 metais. Remdamasi \u0161iuo Seimo nutarimu LR Vyriausyb\u0117 pri\u0117m\u0117 nutarim\u0105 d\u0117l vietos bendruomeni\u0173 met\u0173 plano patvirtinimo. Yra ir pats planas, kuriame numatytos 24 priemon\u0117s, kurios, kaip sakoma tame pa\u010diame nutarime, \u012fgyvendinamos i\u0161 Lietuvos Respublikos valstyb\u0117s biud\u017eete atitinkamoms ministerijoms, institucijoms, \u012fstaigoms, &hellip; <\/p>\n<p class=\"link-more\"><a href=\"https:\/\/bendruomeniskumas.mruni.eu\/?page_id=105\" class=\"more-link\">Continue reading<span class=\"screen-reader-text\"> &#8220;Bendruomeni\u0161kos politikos formavimas&#8221;<\/span><\/a><\/p>\n","protected":false},"author":2,"featured_media":0,"parent":0,"menu_order":0,"comment_status":"closed","ping_status":"open","template":"","meta":{"footnotes":""},"class_list":["post-105","page","type-page","status-publish","hentry"],"_links":{"self":[{"href":"https:\/\/bendruomeniskumas.mruni.eu\/index.php?rest_route=\/wp\/v2\/pages\/105","targetHints":{"allow":["GET"]}}],"collection":[{"href":"https:\/\/bendruomeniskumas.mruni.eu\/index.php?rest_route=\/wp\/v2\/pages"}],"about":[{"href":"https:\/\/bendruomeniskumas.mruni.eu\/index.php?rest_route=\/wp\/v2\/types\/page"}],"author":[{"embeddable":true,"href":"https:\/\/bendruomeniskumas.mruni.eu\/index.php?rest_route=\/wp\/v2\/users\/2"}],"replies":[{"embeddable":true,"href":"https:\/\/bendruomeniskumas.mruni.eu\/index.php?rest_route=%2Fwp%2Fv2%2Fcomments&post=105"}],"version-history":[{"count":56,"href":"https:\/\/bendruomeniskumas.mruni.eu\/index.php?rest_route=\/wp\/v2\/pages\/105\/revisions"}],"predecessor-version":[{"id":336,"href":"https:\/\/bendruomeniskumas.mruni.eu\/index.php?rest_route=\/wp\/v2\/pages\/105\/revisions\/336"}],"wp:attachment":[{"href":"https:\/\/bendruomeniskumas.mruni.eu\/index.php?rest_route=%2Fwp%2Fv2%2Fmedia&parent=105"}],"curies":[{"name":"wp","href":"https:\/\/api.w.org\/{rel}","templated":true}]}}