{"id":173,"date":"2014-12-06T14:12:52","date_gmt":"2014-12-06T14:12:52","guid":{"rendered":"http:\/\/bendruomeniskumas.mruni.eu\/?page_id=173"},"modified":"2016-02-14T16:15:01","modified_gmt":"2016-02-14T16:15:01","slug":"bendruomeniu-renginiai","status":"publish","type":"page","link":"https:\/\/bendruomeniskumas.mruni.eu\/?page_id=173","title":{"rendered":"Bendruomeni\u0173 renginiai"},"content":{"rendered":"<article><\/article>\n<p>&nbsp;<\/p>\n<p><strong><span style=\"color: #000000;\">Akimirkos i\u0161 Vietos bendruomeni\u0173 met\u0173 renginio \u0160umsko miestelyje\u00a0<\/span><\/strong><\/p>\n<p><a href=\"http:\/\/bendruomeniskumas.mruni.eu\/wp-content\/uploads\/2014\/12\/DSC09446.jpg\"><img loading=\"lazy\" decoding=\"async\" class=\"alignleft wp-image-510 size-medium\" src=\"http:\/\/bendruomeniskumas.mruni.eu\/wp-content\/uploads\/2014\/12\/DSC09446-300x200.jpg\" alt=\"DSC09446\" width=\"300\" height=\"200\" srcset=\"https:\/\/bendruomeniskumas.mruni.eu\/wp-content\/uploads\/2014\/12\/DSC09446-300x200.jpg 300w, https:\/\/bendruomeniskumas.mruni.eu\/wp-content\/uploads\/2014\/12\/DSC09446-1024x683.jpg 1024w, https:\/\/bendruomeniskumas.mruni.eu\/wp-content\/uploads\/2014\/12\/DSC09446-624x416.jpg 624w\" sizes=\"auto, (max-width: 300px) 100vw, 300px\" \/><\/a><\/p>\n<p><a href=\"http:\/\/bendruomeniskumas.mruni.eu\/wp-content\/uploads\/2014\/12\/2016.01.21-3.jpg\"><img loading=\"lazy\" decoding=\"async\" class=\"wp-image-511 size-medium alignleft\" src=\"http:\/\/bendruomeniskumas.mruni.eu\/wp-content\/uploads\/2014\/12\/2016.01.21-3-300x200.jpg\" alt=\"2016.01.21-3\" width=\"300\" height=\"200\" srcset=\"https:\/\/bendruomeniskumas.mruni.eu\/wp-content\/uploads\/2014\/12\/2016.01.21-3-300x200.jpg 300w, https:\/\/bendruomeniskumas.mruni.eu\/wp-content\/uploads\/2014\/12\/2016.01.21-3-1024x683.jpg 1024w, https:\/\/bendruomeniskumas.mruni.eu\/wp-content\/uploads\/2014\/12\/2016.01.21-3-624x416.jpg 624w, https:\/\/bendruomeniskumas.mruni.eu\/wp-content\/uploads\/2014\/12\/2016.01.21-3.jpg 2048w\" sizes=\"auto, (max-width: 300px) 100vw, 300px\" \/><\/a><a href=\"http:\/\/bendruomeniskumas.mruni.eu\/wp-content\/uploads\/2014\/12\/DSC09360.jpg\"><img loading=\"lazy\" decoding=\"async\" class=\"alignleft wp-image-512 size-medium\" src=\"http:\/\/bendruomeniskumas.mruni.eu\/wp-content\/uploads\/2014\/12\/DSC09360-300x200.jpg\" alt=\"DSC09360\" width=\"300\" height=\"200\" srcset=\"https:\/\/bendruomeniskumas.mruni.eu\/wp-content\/uploads\/2014\/12\/DSC09360-300x200.jpg 300w, https:\/\/bendruomeniskumas.mruni.eu\/wp-content\/uploads\/2014\/12\/DSC09360-1024x683.jpg 1024w, https:\/\/bendruomeniskumas.mruni.eu\/wp-content\/uploads\/2014\/12\/DSC09360-624x416.jpg 624w\" sizes=\"auto, (max-width: 300px) 100vw, 300px\" \/><\/a><\/p>\n<article><a href=\"http:\/\/bendruomeniskumas.mruni.eu\/wp-content\/uploads\/2014\/12\/Kvietimas2.gif\"><img loading=\"lazy\" decoding=\"async\" class=\"alignnone wp-image-500 size-large\" src=\"http:\/\/bendruomeniskumas.mruni.eu\/wp-content\/uploads\/2014\/12\/Kvietimas2-705x1024.gif\" alt=\"Kvietimas2\" width=\"625\" height=\"908\" srcset=\"https:\/\/bendruomeniskumas.mruni.eu\/wp-content\/uploads\/2014\/12\/Kvietimas2-705x1024.gif 705w, https:\/\/bendruomeniskumas.mruni.eu\/wp-content\/uploads\/2014\/12\/Kvietimas2-206x300.gif 206w, https:\/\/bendruomeniskumas.mruni.eu\/wp-content\/uploads\/2014\/12\/Kvietimas2-624x907.gif 624w\" sizes=\"auto, (max-width: 625px) 100vw, 625px\" \/><\/a><\/article>\n<article><\/article>\n<article><\/article>\n<article><strong>Baland\u017eio 9 \u2013 10 diena, Vilniuje vyko Antrasis socialinio verslo forumas, kur\u012f ved\u0117 <\/strong><strong><a href=\"https:\/\/www.linkedin.com\/profile\/view?id=61479119&amp;authType=NAME_SEARCH&amp;authToken=WIsh&amp;locale=en_US&amp;trk=tyah2&amp;trkInfo=idx%3A2-1-2%2CtarId%3A1426443842397%2Ctas%3AAnd\">And\u017eelika <\/a>Rusteikien\u0117,<\/strong><strong>\u00a0Phill Tulba<\/strong><strong>. <\/strong><strong>Forum\u0105 suorganizavo Brit\u0173 Taryba<\/strong><strong>, NVO<a href=\"http:\/\/www.nvoavilys.lt\/?lang=en\">\u00a0<\/a>Avilys<\/strong><strong>, <a href=\"http:\/\/gerinorai.lt\/\">Gerinorai.l<\/a>t\u00a0<\/strong><a href=\"http:\/\/bendruomeniskumas.mruni.eu\/wp-content\/uploads\/2014\/11\/unnamed.jpg\"><img loading=\"lazy\" decoding=\"async\" class=\"alignnone size-medium wp-image-329\" src=\"http:\/\/bendruomeniskumas.mruni.eu\/wp-content\/uploads\/2014\/11\/unnamed-300x225.jpg\" alt=\"unnamed\" width=\"300\" height=\"225\" srcset=\"https:\/\/bendruomeniskumas.mruni.eu\/wp-content\/uploads\/2014\/11\/unnamed-300x225.jpg 300w, https:\/\/bendruomeniskumas.mruni.eu\/wp-content\/uploads\/2014\/11\/unnamed-624x468.jpg 624w, https:\/\/bendruomeniskumas.mruni.eu\/wp-content\/uploads\/2014\/11\/unnamed.jpg 697w\" sizes=\"auto, (max-width: 300px) 100vw, 300px\" \/><\/a><\/article>\n<article><\/article>\n<article>Prane\u0161imai:\u201eBendruomeni\u0173 vystymasis, kaip priemon\u0119 naudojant socialin\u012f versl\u0105: inovatyvus po\u017ei\u016bris \u012f bendruomeni\u0173 \u012ftraukim\u0105\u201d \u2013 <a href=\"https:\/\/www.linkedin.com\/profile\/view?id=254503444&amp;authType=NAME_SEARCH&amp;authToken=xYq6&amp;locale=en_US&amp;srchid=2435041781426444025064&amp;srchindex=1&amp;srchtotal=1&amp;trk=vsrp_people_res_name&amp;trkInfo=VSRPsearchId%3A2435041781426444025064%2CVSRPtargetId%3A254503444%2CVSRPcmpt%3Aprimary%2CVSRPnm%3A\"><em>Mice\u00e1l Pyner<\/em><\/a><em>,\u00a0socialinis verslininkas ir k\u016brybinis konsultantas, Jungtin\u0117 Karalyst\u0117<\/em>\u201c\u012e \u017emog\u0173 orientuota ekonomika siekiant demokratijos, augimo ir \u012ftraukties\u201d \u2013 <em>Jan Olsson, Social Economy Europe vice prezidentas<\/em><\/p>\n<p style=\"text-align: justify;\">\u201eSocialinio verslumo ir socialinio verslo skatinimas \u0160iaur\u0117s \u0161alyse\u201d \u2013 <a href=\"https:\/\/www.linkedin.com\/profile\/view?id=70456717&amp;authType=NAME_SEARCH&amp;authToken=hCam&amp;locale=en_US&amp;srchid=2435041781426444088116&amp;srchindex=1&amp;srchtotal=1&amp;trk=vsrp_people_res_name&amp;trkInfo=VSRPsearchId%3A2435041781426444088116%2CVSRPtargetId%3A70456717%2CVSRPcmpt%3Aprimary%2CVSRPnm%3A\"><em>Ulrik Boe Kjeldsen<\/em><\/a><em>, \u00a0 Nacionalinio socialinio verslo centro skyriaus ved\u0117jas, Nacionalin\u0117s socialini\u0173 paslaug\u0173 tarybos narys, Danija ir Eva Johansson, Ekonominio ir Regioninio vystymosi agent\u016bra \u0160vedijoje, Projekt\u0173 vadov\u0117<\/em><\/p>\n<p style=\"text-align: justify;\">\u201eBrit\u0173 Tarybos vaidmuo skatinant Socialin\u012f versl\u0105 Europoje\u201d \u2013 <a href=\"https:\/\/www.linkedin.com\/profile\/view?id=10152691&amp;authType=NAME_SEARCH&amp;authToken=MgS_&amp;locale=en_US&amp;trk=tyah&amp;trkInfo=idx%3A1-2-2%2CtarId%3A1426444154882%2Ctas%3AJulia+Rawlins\"><em>Julia Rawlins<\/em><\/a><em>, \u0160vietimo ir Visuomen\u0117s program\u0173 vadov\u0117, Brit\u0173 Taryba Vokietijoje<\/em><\/p>\n<p style=\"text-align: justify;\">\u201eLietuvos situacija \u2013 perspektyvos ir i\u0161\u0161\u016bkiai\u201d \u2013 <em>Ar\u016bnas Survila, NVO Avilys direktorius<\/em><\/p>\n<p style=\"text-align: justify;\">\u201eAteinan\u010dio finansinio periodo galimyb\u0117s Socialini\u0173 versl\u0173 vystymui\u201d \u2013 <em>Just\u0117 Jarmulkait\u0117,\u00a0<\/em> <em>Finans\u0173 ministerijos, ES sanglaudos politikos skyrius, Ar\u016bnas Ku\u010dikas, Socialin\u0117s apsaugos ir darbo ministerijos, Bendruomeni\u0173 reikal\u0173 skyriaus ved\u0117jas, \u016akio ministerijos atstovas<\/em><\/p>\n<p style=\"text-align: justify;\">\u201eKo reikia bendruomen\u0117ms ir lyderiams gerinant aplink\u0105 socialiniam verslui? Bendruomeni\u0173 vykdomos iniciatyvos: energetikos sistemos, miesto soda ir turto nuosavyb\u0117\u201d \u2013 <em>Mice\u00e1l Pyner<\/em><\/p>\n<p style=\"text-align: justify;\">Atvejo analiz\u0117 \u2013 <em>\u201eMokymasis i\u0161 s\u0117km\u0117s ir klaid\u0173\u201d \u2013 Violeta Masteikien\u0117 \u2013 Socialiai atsakingo verslo ir geresn\u0117s visuomen\u0117s projekt\u0173 iniciator\u0117 \u201cDraug\u0173 uogien\u0117 \u2013 dalinkis\u201d, \u201cSpalvoto meduolio diena\u201d, \u201cVilnius Open \u2013 kita stotel\u0117 stotis\u201d ir kiti; \u00a0<\/em><\/p>\n<p style=\"text-align: justify;\">Apskritojo stalo diskusijos<\/p>\n<ol style=\"text-align: justify;\">\n<li>Socialinis verslas kaip priemon\u0117 vietos bendruomeni\u0173 vystymuisi<em> \u2013 Mice\u00e1l Pyner, Ar\u016bnas Svitojus, Baltijos Labdaros fondo vadovas<\/em><\/li>\n<li>Nacionalin\u0117s socialinio verslo koncepcijos \u012fgyvendinimas: tarpinstitucinis bendradarbiavimas ir reglamentavimas <em>&#8211; Jan Olsson, Monika Stankevi\u010di\u016bt\u0117, NVO Avilys<\/em><\/li>\n<li>\u00a0 Verslo ir socialinio verslo bendradarbiavimas: socialin\u0117 atsakomyb\u0117 ir socialinis verslas<em> \u2013 Alex Gibb, SEB bankas, And\u017eelika Rusteikien\u0117<\/em><\/li>\n<\/ol>\n<p style=\"text-align: justify;\">Darbo grup\u0117s:<\/p>\n<p style=\"text-align: justify;\">\u201cDetali atvejo analiz\u0117 \u2013 kelion\u0117 nuo id\u0117jos iki \u012fgyvendinimo\u201d \u2013\u00a0<em>Nidas Kiuberis<\/em><\/p>\n<p style=\"text-align: justify;\">\u201cPoky\u010di\u0173 teorijos pristatymas: nuo vizijos iki poveikio\u201d \u2013 <em>Phil Tulba<\/em><\/p>\n<p style=\"text-align: justify;\">\u201cAkademik\u0173 vaidmuo didinant socialinio verslo \u017einomum\u0105 ir kaip mokyti apie socialin\u012f versl\u0105\u201d \u2013 <a href=\"https:\/\/www.linkedin.com\/profile\/view?id=61912460&amp;authType=NAME_SEARCH&amp;authToken=jD3S&amp;locale=en_US&amp;srchid=2435041781426444277277&amp;srchindex=1&amp;srchtotal=1&amp;trk=vsrp_people_res_name&amp;trkInfo=VSRPsearchId%3A2435041781426444277277%2CVSRPtargetId%3A61912460%2CVSRPcmpt%3Aprimary%2CVSRPnm%3A\"><em>Fionn Dobbin<\/em><\/a><\/p>\n<p style=\"text-align: justify;\">\u201cSocialinio verslo <em>canvas<\/em> k\u016brimas\u201d \u2013 <em>And\u017eelika Rusteikien\u0117<\/em><\/p>\n<p style=\"text-align: justify;\">\u201cVerslo paramos \u2018operacija\u2019 \u2013 i\u0161 anksto rezervuotos ekspertin\u0117s konsultacijos\u201d \u2013 <em>I\u0161oriniai ekspertai<\/em><\/p>\n<p style=\"text-align: justify;\">\u201cPitch perfect: kaip sukurti ir \u012fgyvendinti tobul\u0105 <em>pristatym\u0105 <\/em>finansuotojams ir investuotojams\u201d \u2013 <em>Laukia patikslinimo<\/em><\/p>\n<p style=\"text-align: justify;\">\u201cPoky\u010di\u0173 teorija \u2013 praktin\u0117 darbo grup\u0117\u201d \u2013 <em>Phil Tulba<\/em><\/p>\n<p style=\"text-align: justify;\"><a href=\"https:\/\/www.linkedin.com\/profile\/view?id=205658364&amp;authType=NAME_SEARCH&amp;authToken=CBfQ&amp;locale=en_US&amp;trk=tyah&amp;trkInfo=clickedVertical%3Amynetwork%2Cidx%3A1-1-1%2CtarId%3A1427279086467%2Ctas%3AJurgis+\">Jurgio Did\u017eiulio<\/a> muzikinis prane\u0161imas<\/p>\n<\/article>\n<p>&nbsp;<\/p>\n<p>&nbsp;<\/p>\n<p>\u0160i\u0173 met\u0173 gruod\u017eio 10 d. tarybos pos\u0117dyje, Vilniaus miesto<br \/>\nsavivaldyb\u0117s taryba pritar\u0117 bendradarbiavimo sutar\u010diai su Vilniaus<br \/>\nbendruomeni\u0173 asociacija (VBA).<br \/>\nKeistai nuskamb\u0117jo keleto tarybos nari\u0173 abejon\u0117 d\u0117l bendruomeni\u0173 veiklos ir\u00a0j\u0173 naudos miestui.<br \/>\nAkira\u010diui prapl\u0117sti vos prie\u0161 savait\u0119 vykusio renginio akimirkos.<br \/>\nJau patalpintas vaizdo reporta\u017eas i\u0161 bendruomeni\u0173 \u0161vent\u0117s Alytuje, politik\u0173\u00a0bei bendruomeni\u0173 vadov\u0173 pasisakymai. Gal kas nors i\u0161girs atsakymus \u012f senai\u00a0kirban\u010dius klausimus &#8220;Kokius kelius atveria bendruomen\u0117s&#8221; bei &#8220;Ka gi duoda<br \/>\ntos bendruomen\u0117s ir kod\u0117l j\u0173 veikla kei\u010dia aplink\u0105 ir \u017emones&#8221;.<\/p>\n<p><em>Per\u017ei\u016br\u0117ti galite <span style=\"text-decoration: underline;\"><a href=\"http:\/\/www.ziniuradijas.lt\/epizodas\/2014\/11\/28\/dienos-klausimas\/39293\">\u010dia<\/a>.<\/span><\/em><\/p>\n<h2>____________________________________________________________<\/h2>\n<h2><span style=\"font-size: 1.285714286rem; line-height: 1.6;\">* \u017dirm\u016bn\u0173 bendruomen\u0117 rengia konferencij\u0173 cikl\u0105 \u00a0&#8211; \u017dirm\u016bn\u0173\u00a050-me\u010diui pamin\u0117ti.<\/span><\/h2>\n<p><a href=\"http:\/\/bendruomeniskumas.mruni.eu\/wp-content\/uploads\/2014\/12\/Kvetimas_i_Zirmunu_50_mecio_konferencija_2014_12_09-page-0011-1.jpg\"><img loading=\"lazy\" decoding=\"async\" class=\"alignnone size-full wp-image-174\" src=\"http:\/\/bendruomeniskumas.mruni.eu\/wp-content\/uploads\/2014\/12\/Kvetimas_i_Zirmunu_50_mecio_konferencija_2014_12_09-page-0011-1.jpg\" alt=\"Kvetimas_i_Zirmunu_50_mecio_konferencija_2014_12_09-page-001(1) (1)\" width=\"1754\" height=\"2480\" srcset=\"https:\/\/bendruomeniskumas.mruni.eu\/wp-content\/uploads\/2014\/12\/Kvetimas_i_Zirmunu_50_mecio_konferencija_2014_12_09-page-0011-1.jpg 1754w, https:\/\/bendruomeniskumas.mruni.eu\/wp-content\/uploads\/2014\/12\/Kvetimas_i_Zirmunu_50_mecio_konferencija_2014_12_09-page-0011-1-212x300.jpg 212w, https:\/\/bendruomeniskumas.mruni.eu\/wp-content\/uploads\/2014\/12\/Kvetimas_i_Zirmunu_50_mecio_konferencija_2014_12_09-page-0011-1-724x1024.jpg 724w, https:\/\/bendruomeniskumas.mruni.eu\/wp-content\/uploads\/2014\/12\/Kvetimas_i_Zirmunu_50_mecio_konferencija_2014_12_09-page-0011-1-624x882.jpg 624w\" sizes=\"auto, (max-width: 767px) 89vw, (max-width: 1000px) 54vw, (max-width: 1071px) 543px, 580px\" \/><\/a><\/p>\n","protected":false},"excerpt":{"rendered":"<p>&nbsp; Akimirkos i\u0161 Vietos bendruomeni\u0173 met\u0173 renginio \u0160umsko miestelyje\u00a0 Baland\u017eio 9 \u2013 10 diena, Vilniuje vyko Antrasis socialinio verslo forumas, kur\u012f ved\u0117 And\u017eelika Rusteikien\u0117,\u00a0Phill Tulba. Forum\u0105 suorganizavo Brit\u0173 Taryba, NVO\u00a0Avilys, Gerinorai.lt\u00a0 Prane\u0161imai:\u201eBendruomeni\u0173 vystymasis, kaip priemon\u0119 naudojant socialin\u012f versl\u0105: inovatyvus po\u017ei\u016bris \u012f bendruomeni\u0173 \u012ftraukim\u0105\u201d \u2013 Mice\u00e1l Pyner,\u00a0socialinis verslininkas ir k\u016brybinis konsultantas, Jungtin\u0117 Karalyst\u0117\u201c\u012e \u017emog\u0173 orientuota ekonomika &hellip; <\/p>\n<p class=\"link-more\"><a href=\"https:\/\/bendruomeniskumas.mruni.eu\/?page_id=173\" class=\"more-link\">Continue reading<span class=\"screen-reader-text\"> &#8220;Bendruomeni\u0173 renginiai&#8221;<\/span><\/a><\/p>\n","protected":false},"author":2,"featured_media":0,"parent":0,"menu_order":0,"comment_status":"closed","ping_status":"open","template":"","meta":{"footnotes":""},"class_list":["post-173","page","type-page","status-publish","hentry"],"_links":{"self":[{"href":"https:\/\/bendruomeniskumas.mruni.eu\/index.php?rest_route=\/wp\/v2\/pages\/173","targetHints":{"allow":["GET"]}}],"collection":[{"href":"https:\/\/bendruomeniskumas.mruni.eu\/index.php?rest_route=\/wp\/v2\/pages"}],"about":[{"href":"https:\/\/bendruomeniskumas.mruni.eu\/index.php?rest_route=\/wp\/v2\/types\/page"}],"author":[{"embeddable":true,"href":"https:\/\/bendruomeniskumas.mruni.eu\/index.php?rest_route=\/wp\/v2\/users\/2"}],"replies":[{"embeddable":true,"href":"https:\/\/bendruomeniskumas.mruni.eu\/index.php?rest_route=%2Fwp%2Fv2%2Fcomments&post=173"}],"version-history":[{"count":11,"href":"https:\/\/bendruomeniskumas.mruni.eu\/index.php?rest_route=\/wp\/v2\/pages\/173\/revisions"}],"predecessor-version":[{"id":513,"href":"https:\/\/bendruomeniskumas.mruni.eu\/index.php?rest_route=\/wp\/v2\/pages\/173\/revisions\/513"}],"wp:attachment":[{"href":"https:\/\/bendruomeniskumas.mruni.eu\/index.php?rest_route=%2Fwp%2Fv2%2Fmedia&parent=173"}],"curies":[{"name":"wp","href":"https:\/\/api.w.org\/{rel}","templated":true}]}}