{"id":207,"date":"2014-12-16T13:19:34","date_gmt":"2014-12-16T13:19:34","guid":{"rendered":"http:\/\/bendruomeniskumas.mruni.eu\/?page_id=207"},"modified":"2014-12-16T13:19:34","modified_gmt":"2014-12-16T13:19:34","slug":"5osios-2013m-praktines-mokslines-konferencijos-medziaga","status":"publish","type":"page","link":"https:\/\/bendruomeniskumas.mruni.eu\/?page_id=207","title":{"rendered":"5osios (2013m.) praktin\u0117s &#8211; mokslin\u0117s konferencijos med\u017eiaga"},"content":{"rendered":"<p><strong><a href=\"http:\/\/vadybospraktika-mokslas.mruni.eu\/wp-content\/uploads\/2013\/04\/Konferencijos-pristatymas-programa-ir-diskusij\u0173-dalyviai.pdf\">Konferencijos pristatymas, programa ir diskusij\u0173 dalyviai<\/a><\/strong><\/p>\n<p><strong><a href=\"http:\/\/www.mruni.eu\/lt\/naujienos\/detail.php?el=192022\">Konferencijos nuotraukos<\/a><\/strong><\/p>\n<p><strong>Konferencijoje skaityti prane\u0161imai<\/strong><\/p>\n<p><strong><a href=\"http:\/\/vadybospraktika-mokslas.mruni.eu\/wp-content\/uploads\/2013\/04\/\u012e\u017evalgos-apie-mokslo-ir-praktikos-s\u0105veik\u0105-Prof.-dr.-S.-Sta\u010diokas-MRU-Tarybos-narys.pdf\">\u012e\u017evalgos apie mokslo ir praktikos s\u0105veik\u0105 &#8211; Prof. dr. S. Sta\u010diokas, MRU Tarybos narys<\/a><\/strong><\/p>\n<p><strong><a href=\"http:\/\/vadybospraktika-mokslas.mruni.eu\/wp-content\/uploads\/2013\/04\/N.-Jasinavi\u010diaus-prane\u0161imas.pdf\">N. Jasinavi\u010diaus prane\u0161imas<\/a> &#8211; <a href=\"http:\/\/vadybospraktika-mokslas.mruni.eu\/wp-content\/uploads\/2013\/04\/Apie-prane\u0161\u0117j\u01056.pdf\">Apie prane\u0161\u0117j\u0105<\/a><\/strong><\/p>\n<p><strong><a href=\"http:\/\/vadybospraktika-mokslas.mruni.eu\/wp-content\/uploads\/2013\/04\/H.-J.-Zahorka-prane\u0161imas.pdf\">H. J. Zahorka prane\u0161imas<\/a> &#8211;\u00a0<a href=\"http:\/\/vadybospraktika-mokslas.mruni.eu\/wp-content\/uploads\/2013\/04\/Apie-prane\u0161\u0117j\u01051.pdf\">Apie prane\u0161\u0117j\u0105<\/a><\/strong><\/p>\n<p><strong><a href=\"http:\/\/vadybospraktika-mokslas.mruni.eu\/wp-content\/uploads\/2013\/04\/R.-Ma\u010diuly\u0117s-prane\u0161imas.pdf\">R. Ma\u010diuly\u0117s prane\u0161imas<\/a> &#8211;\u00a0<a href=\"http:\/\/vadybospraktika-mokslas.mruni.eu\/wp-content\/uploads\/2013\/04\/Apie-prane\u0161\u0117j\u0105.pdf\">Apie prane\u0161\u0117j\u0105<\/a><\/strong><\/p>\n<p><strong><a href=\"http:\/\/vadybospraktika-mokslas.mruni.eu\/wp-content\/uploads\/2013\/04\/V.-Atko\u010di\u016bnien\u0117s-prane\u0161imas.pdf\">V. Atko\u010di\u016bnien\u0117s prane\u0161imas<\/a> &#8211; <a href=\"http:\/\/vadybospraktika-mokslas.mruni.eu\/wp-content\/uploads\/2013\/04\/Apie-prane\u0161\u0117j\u01052.pdf\">Apie prane\u0161\u0117j\u0105<\/a><\/strong><\/p>\n<p><strong><a href=\"http:\/\/vadybospraktika-mokslas.mruni.eu\/wp-content\/uploads\/2013\/04\/J.-\u017dakevi\u010dien\u0117s-prnanesimas.pdf\">J. \u017dakevi\u010dien\u0117s prnanesimas<\/a> &#8211; <a href=\"http:\/\/vadybospraktika-mokslas.mruni.eu\/wp-content\/uploads\/2013\/04\/Apie-prane\u0161\u0117j\u01053.pdf\">Apie prane\u0161\u0117j\u0105<\/a><\/strong><\/p>\n<p><strong><a href=\"http:\/\/vadybospraktika-mokslas.mruni.eu\/wp-content\/uploads\/2013\/04\/R.-Kalesnyko-prane\u0161imas.pdf\">R. Kalesnyko prane\u0161imas<\/a> &#8211; <a href=\"http:\/\/vadybospraktika-mokslas.mruni.eu\/wp-content\/uploads\/2013\/04\/Apie-prane\u0161\u0117j\u01054.pdf\">Apie prane\u0161\u0117j\u0105<\/a><\/strong><\/p>\n<p><a style=\"font-weight: bold;\" href=\"http:\/\/vadybospraktika-mokslas.mruni.eu\/wp-content\/uploads\/2013\/04\/J.-Sinkien\u0117s-prane\u0161imas.pdf\">J. Sinkien\u0117s prane\u0161imas<\/a> &#8211; <a href=\"http:\/\/vadybospraktika-mokslas.mruni.eu\/wp-content\/uploads\/2013\/04\/Apie-prane\u0161\u0117j\u01055.pdf\"><strong>Apie prane\u0161\u0117j\u0105<\/strong><\/a><\/p>\n<p><a href=\"http:\/\/vadybospraktika-mokslas.mruni.eu\/wp-content\/uploads\/2013\/04\/A.-Tonk\u016bnait\u0117s-Thiemann-prane\u0161imas.pdf\"><strong>A. Tonk\u016bnait\u0117s &#8211; Thiemann prane\u0161imas<\/strong><\/a><\/p>\n<p><strong><a href=\"http:\/\/vadybospraktika-mokslas.mruni.eu\/wp-content\/uploads\/2013\/04\/B.-Mikulskien\u0117s-ir-B.-Pitr\u0117nait\u0117s-prane\u0161imas2.pdf\">B. Mikulskien\u0117s ir B. Pitr\u0117nait\u0117s prane\u0161imas<\/a> &#8211; <a href=\"http:\/\/vadybospraktika-mokslas.mruni.eu\/wp-content\/uploads\/2013\/04\/Apie-prane\u0161\u0117jas.pdf\">Apie prane\u0161\u0117jas<\/a><\/strong><\/p>\n<p><strong><a href=\"http:\/\/vadybospraktika-mokslas.mruni.eu\/wp-content\/uploads\/2013\/04\/K.-\u017d.-Svetiko-ir-A.-Astrausko-prane\u0161imas.pdf\">K. \u017d. Svetiko ir A. Astrausko prane\u0161imas<\/a><\/strong><\/p>\n<p><strong><a href=\"http:\/\/vadybospraktika-mokslas.mruni.eu\/wp-content\/uploads\/2013\/04\/M.-Burinskien\u0117s-ir-V.-Rudzkien\u0117s-prane\u0161imas.pdf\">M. Burinskien\u0117s ir V. Rudzkien\u0117s prane\u0161imas<\/a> &#8211; <a href=\"http:\/\/vadybospraktika-mokslas.mruni.eu\/wp-content\/uploads\/2013\/04\/Apie-prane\u0161\u0117jas1.pdf\">Apie prane\u0161\u0117jas<\/a><\/strong><\/p>\n<p><strong>Elektroniniai prane\u0161imai<\/strong><\/p>\n<p><strong><a href=\"http:\/\/vadybospraktika-mokslas.mruni.eu\/wp-content\/uploads\/2013\/04\/S.-Nefo-ir-D.-Nevierait\u0117s-prane\u0161imas.pdf\">S. Nefo ir D. Nevierait\u0117s prane\u0161imas<\/a><\/strong><\/p>\n<p><strong><a href=\"http:\/\/vadybospraktika-mokslas.mruni.eu\/wp-content\/uploads\/2013\/04\/A.-Aleksandravi\u010diaus-prane\u0161imas.pdf\">A. Aleksandravi\u010diaus prane\u0161imas<\/a><\/strong><\/p>\n","protected":false},"excerpt":{"rendered":"<p>Konferencijos pristatymas, programa ir diskusij\u0173 dalyviai Konferencijos nuotraukos Konferencijoje skaityti prane\u0161imai \u012e\u017evalgos apie mokslo ir praktikos s\u0105veik\u0105 &#8211; Prof. dr. S. Sta\u010diokas, MRU Tarybos narys N. Jasinavi\u010diaus prane\u0161imas &#8211; Apie prane\u0161\u0117j\u0105 H. J. Zahorka prane\u0161imas &#8211;\u00a0Apie prane\u0161\u0117j\u0105 R. Ma\u010diuly\u0117s prane\u0161imas &#8211;\u00a0Apie prane\u0161\u0117j\u0105 V. Atko\u010di\u016bnien\u0117s prane\u0161imas &#8211; Apie prane\u0161\u0117j\u0105 J. \u017dakevi\u010dien\u0117s prnanesimas &#8211; Apie prane\u0161\u0117j\u0105 R. &hellip; <\/p>\n<p class=\"link-more\"><a href=\"https:\/\/bendruomeniskumas.mruni.eu\/?page_id=207\" class=\"more-link\">Continue reading<span class=\"screen-reader-text\"> &#8220;5osios (2013m.) praktin\u0117s &#8211; mokslin\u0117s konferencijos med\u017eiaga&#8221;<\/span><\/a><\/p>\n","protected":false},"author":1,"featured_media":0,"parent":0,"menu_order":0,"comment_status":"closed","ping_status":"open","template":"","meta":{"footnotes":""},"class_list":["post-207","page","type-page","status-publish","hentry"],"_links":{"self":[{"href":"https:\/\/bendruomeniskumas.mruni.eu\/index.php?rest_route=\/wp\/v2\/pages\/207","targetHints":{"allow":["GET"]}}],"collection":[{"href":"https:\/\/bendruomeniskumas.mruni.eu\/index.php?rest_route=\/wp\/v2\/pages"}],"about":[{"href":"https:\/\/bendruomeniskumas.mruni.eu\/index.php?rest_route=\/wp\/v2\/types\/page"}],"author":[{"embeddable":true,"href":"https:\/\/bendruomeniskumas.mruni.eu\/index.php?rest_route=\/wp\/v2\/users\/1"}],"replies":[{"embeddable":true,"href":"https:\/\/bendruomeniskumas.mruni.eu\/index.php?rest_route=%2Fwp%2Fv2%2Fcomments&post=207"}],"version-history":[{"count":1,"href":"https:\/\/bendruomeniskumas.mruni.eu\/index.php?rest_route=\/wp\/v2\/pages\/207\/revisions"}],"predecessor-version":[{"id":208,"href":"https:\/\/bendruomeniskumas.mruni.eu\/index.php?rest_route=\/wp\/v2\/pages\/207\/revisions\/208"}],"wp:attachment":[{"href":"https:\/\/bendruomeniskumas.mruni.eu\/index.php?rest_route=%2Fwp%2Fv2%2Fmedia&parent=207"}],"curies":[{"name":"wp","href":"https:\/\/api.w.org\/{rel}","templated":true}]}}