{"id":7,"date":"2014-05-07T08:36:51","date_gmt":"2014-05-07T08:36:51","guid":{"rendered":"http:\/\/bendruomeniskumas.mruni.eu\/?page_id=7"},"modified":"2026-04-14T10:00:05","modified_gmt":"2026-04-14T10:00:05","slug":"sveiki","status":"publish","type":"page","link":"https:\/\/bendruomeniskumas.mruni.eu\/","title":{"rendered":"Prad\u017eia"},"content":{"rendered":"<p style=\"text-align: center;\"><strong>Sveiki, ie\u0161kantys bendruomen\u0117s,<\/strong><\/p>\n<p style=\"text-align: justify;\">\u00a0 Manau, kad reikia ie\u0161koti atsakymo \u012f klausim\u0105, kur eina 21 am\u017eiaus Lietuvos visuomen\u0117.\u00a0Pastebime daug po\u017eymi\u0173, kad t\u0119siamas vartotoji\u0161kos visuomen\u0117s evoliucionavimas ne tik ger\u0105ja prasme (skaitmenin\u0117 ekonomika, \u017eini\u0173 visuomen\u0117, realistinis po\u017ei\u016bris \u012f mus supant\u012f pasaul\u012f ir t.t), bet ir blog\u0105ja prasme (skurdi daugumos Lietuvos \u017emoni\u0173 humanitarin\u0117 ir politin\u0117 kult\u016bra, pilietin\u0117s visuomen\u0117s nebuvimas, visuomen\u0117s susiskaldymas ir pan.). Ta\u010diau da\u017enai, kai kalbame apie visuomen\u0119 ir jos bruo\u017eus, pasijuntame ir atsakingi u\u017e visa, kas yra blogai ir jau\u010diame d\u017eiuges\u012f d\u0117l to, kas yra pasiekta. Ta\u010diau ir vienu ir kitu atveju negalime arba gana sunkiai galime nusakyti kiekvienas savo ind\u0117l\u012f \u012f vienus ar kitus procesus. Kas kita bus, jei \u012f procesus bandome \u017ei\u016br\u0117ti vertindami rei\u0161kinius, vykstan\u010dius vietos bendruomen\u0117je. O vyksta \u012fdom\u016bs ir reik\u0161mingi dalykai, tod\u0117l ir \u0161iame tinklalapyje galime su\u017einoti, kas vyksta, ir prane\u0161ti apie renginius, akcijas ir pan. Ir toks bus m\u016bs\u0173 vis\u0173 ind\u0117lis \u012f bendruomen\u0117s atradim\u0105.<\/p>\n<p style=\"text-align: justify;\">Ie\u0161kokime ir atrasime \ud83d\ude42<\/p>\n<p style=\"text-align: justify;\">Laukdamas J\u016bs\u0173 talkos,<\/p>\n<p style=\"text-align: justify;\">prof. dr. Saulius Nefas<\/p>\n","protected":false},"excerpt":{"rendered":"<p>Sveiki, ie\u0161kantys bendruomen\u0117s, \u00a0 Manau, kad reikia ie\u0161koti atsakymo \u012f klausim\u0105, kur eina 21 am\u017eiaus Lietuvos visuomen\u0117.\u00a0Pastebime daug po\u017eymi\u0173, kad t\u0119siamas vartotoji\u0161kos visuomen\u0117s evoliucionavimas ne tik ger\u0105ja prasme (skaitmenin\u0117 ekonomika, \u017eini\u0173 visuomen\u0117, realistinis po\u017ei\u016bris \u012f mus supant\u012f pasaul\u012f ir t.t), bet ir blog\u0105ja prasme (skurdi daugumos Lietuvos \u017emoni\u0173 humanitarin\u0117 ir politin\u0117 kult\u016bra, pilietin\u0117s visuomen\u0117s nebuvimas, &hellip; <\/p>\n<p class=\"link-more\"><a href=\"https:\/\/bendruomeniskumas.mruni.eu\/\" class=\"more-link\">Continue reading<span class=\"screen-reader-text\"> &#8220;Prad\u017eia&#8221;<\/span><\/a><\/p>\n","protected":false},"author":1,"featured_media":0,"parent":0,"menu_order":0,"comment_status":"closed","ping_status":"closed","template":"","meta":{"footnotes":""},"class_list":["post-7","page","type-page","status-publish","hentry"],"_links":{"self":[{"href":"https:\/\/bendruomeniskumas.mruni.eu\/index.php?rest_route=\/wp\/v2\/pages\/7","targetHints":{"allow":["GET"]}}],"collection":[{"href":"https:\/\/bendruomeniskumas.mruni.eu\/index.php?rest_route=\/wp\/v2\/pages"}],"about":[{"href":"https:\/\/bendruomeniskumas.mruni.eu\/index.php?rest_route=\/wp\/v2\/types\/page"}],"author":[{"embeddable":true,"href":"https:\/\/bendruomeniskumas.mruni.eu\/index.php?rest_route=\/wp\/v2\/users\/1"}],"replies":[{"embeddable":true,"href":"https:\/\/bendruomeniskumas.mruni.eu\/index.php?rest_route=%2Fwp%2Fv2%2Fcomments&post=7"}],"version-history":[{"count":24,"href":"https:\/\/bendruomeniskumas.mruni.eu\/index.php?rest_route=\/wp\/v2\/pages\/7\/revisions"}],"predecessor-version":[{"id":977,"href":"https:\/\/bendruomeniskumas.mruni.eu\/index.php?rest_route=\/wp\/v2\/pages\/7\/revisions\/977"}],"wp:attachment":[{"href":"https:\/\/bendruomeniskumas.mruni.eu\/index.php?rest_route=%2Fwp%2Fv2%2Fmedia&parent=7"}],"curies":[{"name":"wp","href":"https:\/\/api.w.org\/{rel}","templated":true}]}}